{"id":1513,"date":"2023-08-29T10:55:46","date_gmt":"2023-08-29T10:55:46","guid":{"rendered":"https:\/\/unionlegal.com\/politica-de-privacitat-i-avis-legal\/"},"modified":"2024-04-08T11:30:03","modified_gmt":"2024-04-08T11:30:03","slug":"politica-de-privacitat-i-avis-legal","status":"publish","type":"page","link":"https:\/\/unionlegal.com\/es\/politica-de-privacitat-i-avis-legal\/","title":{"rendered":"Pol\u00edtica de Privacitat i Av\u00eds Legal"},"content":{"rendered":"[vc_row type=\u00bbfull_width_background\u00bb full_screen_row_position=\u00bbmiddle\u00bb column_margin=\u00bbdefault\u00bb column_direction=\u00bbdefault\u00bb column_direction_tablet=\u00bbdefault\u00bb column_direction_phone=\u00bbdefault\u00bb bg_image=\u00bb246&#8243; bg_position=\u00bbcenter center\u00bb background_image_loading=\u00bbdefault\u00bb bg_repeat=\u00bbno-repeat\u00bb scene_position=\u00bbcenter\u00bb text_color=\u00bbdark\u00bb text_align=\u00bbleft\u00bb row_border_radius=\u00bbnone\u00bb row_border_radius_applies=\u00bbbg\u00bb overflow=\u00bbvisible\u00bb overlay_strength=\u00bb0.3&#8243; gradient_direction=\u00bbleft_to_right\u00bb shape_divider_position=\u00bbbottom\u00bb bg_image_animation=\u00bbzoom-out\u00bb gradient_type=\u00bbdefault\u00bb shape_type=\u00bb\u00bb][vc_column column_padding=\u00bbno-extra-padding\u00bb column_padding_tablet=\u00bbinherit\u00bb column_padding_phone=\u00bbinherit\u00bb column_padding_position=\u00bball\u00bb top_margin=\u00bb180&#8243; bottom_margin=\u00bb120&#8243; top_margin_tablet=\u00bb80&#8243; bottom_margin_tablet=\u00bb80&#8243; top_margin_phone=\u00bb80&#8243; bottom_margin_phone=\u00bb80&#8243; column_element_direction_desktop=\u00bbdefault\u00bb column_element_spacing=\u00bbdefault\u00bb centered_text=\u00bbtrue\u00bb desktop_text_alignment=\u00bbdefault\u00bb tablet_text_alignment=\u00bbdefault\u00bb phone_text_alignment=\u00bbdefault\u00bb background_color_opacity=\u00bb1&#8243; background_hover_color_opacity=\u00bb1&#8243; column_backdrop_filter=\u00bbnone\u00bb column_shadow=\u00bbnone\u00bb column_border_radius=\u00bbnone\u00bb column_link_target=\u00bb_self\u00bb column_position=\u00bbdefault\u00bb gradient_direction=\u00bbleft_to_right\u00bb overlay_strength=\u00bb0.3&#8243; width=\u00bb1\/1&#8243; tablet_width_inherit=\u00bbdefault\u00bb animation_type=\u00bbdefault\u00bb bg_image_animation=\u00bbnone\u00bb border_type=\u00bbsimple\u00bb column_border_width=\u00bbnone\u00bb column_border_style=\u00bbsolid\u00bb column_padding_type=\u00bbdefault\u00bb gradient_type=\u00bbdefault\u00bb][split_line_heading animation_type=\u00bbline-reveal-by-space\u00bb font_style=\u00bbh1&#8243; text_color=\u00bb#9b223c\u00bb line_reveal_by_space_text_effect=\u00bbdefault\u00bb stagger_animation=\u00bbtrue\u00bb content_alignment=\u00bbdefault\u00bb mobile_content_alignment=\u00bbinherit\u00bb link_target=\u00bb_self\u00bb text_content=\u00bbPol\u00edtica de Privacitat i Av\u00eds Legal\u00bb font_size=\u00bb60px\u00bb font_line_height=\u00bb1.2&#8243;][\/split_line_heading][\/vc_column][\/vc_row][vc_row type=\u00bbfull_width_background\u00bb full_screen_row_position=\u00bbmiddle\u00bb column_margin=\u00bbdefault\u00bb column_direction=\u00bbdefault\u00bb column_direction_tablet=\u00bbdefault\u00bb column_direction_phone=\u00bbdefault\u00bb scene_position=\u00bbcenter\u00bb top_padding=\u00bb100&#8243; constrain_group_1=\u00bbyes\u00bb bottom_padding=\u00bb100&#8243; top_padding_tablet=\u00bb50&#8243; constrain_group_3=\u00bbyes\u00bb bottom_padding_tablet=\u00bb50&#8243; text_color=\u00bbdark\u00bb text_align=\u00bbleft\u00bb row_border_radius=\u00bbnone\u00bb row_border_radius_applies=\u00bbbg\u00bb overflow=\u00bbvisible\u00bb overlay_strength=\u00bb0.3&#8243; gradient_direction=\u00bbleft_to_right\u00bb shape_divider_position=\u00bbbottom\u00bb bg_image_animation=\u00bbzoom-out\u00bb gradient_type=\u00bbdefault\u00bb shape_type=\u00bb\u00bb][vc_column column_padding=\u00bbno-extra-padding\u00bb column_padding_tablet=\u00bbinherit\u00bb column_padding_phone=\u00bbinherit\u00bb column_padding_position=\u00bball\u00bb top_margin=\u00bb180&#8243; bottom_margin=\u00bb120&#8243; top_margin_tablet=\u00bb80&#8243; bottom_margin_tablet=\u00bb80&#8243; top_margin_phone=\u00bb80&#8243; bottom_margin_phone=\u00bb80&#8243; column_element_direction_desktop=\u00bbdefault\u00bb column_element_spacing=\u00bbdefault\u00bb centered_text=\u00bbtrue\u00bb desktop_text_alignment=\u00bbdefault\u00bb tablet_text_alignment=\u00bbdefault\u00bb phone_text_alignment=\u00bbdefault\u00bb background_color_opacity=\u00bb1&#8243; background_hover_color_opacity=\u00bb1&#8243; column_backdrop_filter=\u00bbnone\u00bb column_shadow=\u00bbnone\u00bb column_border_radius=\u00bbnone\u00bb column_link_target=\u00bb_self\u00bb column_position=\u00bbdefault\u00bb gradient_direction=\u00bbleft_to_right\u00bb overlay_strength=\u00bb0.3&#8243; width=\u00bb1\/6&#8243; tablet_width_inherit=\u00bbdefault\u00bb animation_type=\u00bbdefault\u00bb bg_image_animation=\u00bbnone\u00bb border_type=\u00bbsimple\u00bb column_border_width=\u00bbnone\u00bb column_border_style=\u00bbsolid\u00bb column_padding_type=\u00bbdefault\u00bb gradient_type=\u00bbdefault\u00bb][\/vc_column][vc_column column_padding=\u00bbno-extra-padding\u00bb column_padding_tablet=\u00bbinherit\u00bb column_padding_phone=\u00bbinherit\u00bb column_padding_position=\u00bball\u00bb column_element_direction_desktop=\u00bbdefault\u00bb column_element_spacing=\u00bbdefault\u00bb desktop_text_alignment=\u00bbdefault\u00bb tablet_text_alignment=\u00bbdefault\u00bb phone_text_alignment=\u00bbdefault\u00bb background_color_opacity=\u00bb1&#8243; background_hover_color_opacity=\u00bb1&#8243; column_backdrop_filter=\u00bbnone\u00bb column_shadow=\u00bbnone\u00bb column_border_radius=\u00bbnone\u00bb column_link_target=\u00bb_self\u00bb column_position=\u00bbdefault\u00bb gradient_direction=\u00bbleft_to_right\u00bb overlay_strength=\u00bb0.3&#8243; width=\u00bb2\/3&#8243; tablet_width_inherit=\u00bbdefault\u00bb animation_type=\u00bbdefault\u00bb bg_image_animation=\u00bbnone\u00bb border_type=\u00bbsimple\u00bb column_border_width=\u00bbnone\u00bb column_border_style=\u00bbsolid\u00bb][vc_column_text]\n<h2>Pol\u00edtica de Privacidad<\/h2>\n<p><span style=\"font-weight: 400;\">A continuaci\u00f3n, le indicamos los detalles referidos a los distintos tratamientos de datos personales<\/span><\/p>\n<p><span style=\"font-weight: 400;\">que realizamos en BARCELONA UNI\u00d3N LEGAL SLP.<\/span><\/p>\n<p><span style=\"font-weight: 400;\">\u00a0\u00a0<\/span><\/p>\n<p><b>6.1. Tratamiento de los datos personales de potenciales clientes y contactos v\u00eda web<\/b><\/p>\n<p><span style=\"font-weight: 400;\">\u200b<\/span><\/p>\n<p><b>\u00bfQui\u00e9n es el responsable del tratamiento de sus datos?<\/b><\/p>\n<p><span style=\"font-weight: 400;\">Entidad: BARCELONA UNI\u00d3N LEGAL SLP \u2013 NIF: B65111940<\/span><\/p>\n<p><span style=\"font-weight: 400;\">Direcci\u00f3n postal: Aribau 205, 1\u00ba &#8211; 08021 Barcelona<\/span><\/p>\n<p><span style=\"font-weight: 400;\">Tel\u00e9fono: 932922310<\/span><\/p>\n<p><span style=\"font-weight: 400;\">Correo electr\u00f3nico: <\/span><a href=\"mailto:ofolchi@unionlegal.com\"><span style=\"font-weight: 400;\">ofolchi@unionlegal.com<\/span><\/a><\/p>\n<p><span style=\"font-weight: 400;\">\u00a0<\/span><\/p>\n<p><b>\u00bfCon qu\u00e9 finalidad tratamos sus datos personales?<\/b><\/p>\n<p><span style=\"font-weight: 400;\">En BARCELONA UNI\u00d3N LEGAL SLP tratamos la informaci\u00f3n que nos facilitan las personas interesadas con el fin de atender su solicitud y enviarle comunicaciones comerciales, as\u00ed como nuestros boletines.<\/span><\/p>\n<p><span style=\"font-weight: 400;\">\u00a0<\/span><\/p>\n<p><b>\u00bfPor cu\u00e1nto tiempo conservaremos sus datos?<\/b><\/p>\n<p><span style=\"font-weight: 400;\">Los datos se conservar\u00e1n mientras el interesado no solicite su supresi\u00f3n.<\/span><\/p>\n<p><span style=\"font-weight: 400;\">\u00a0<\/span><\/p>\n<p><b>\u00bfCu\u00e1l es la legitimaci\u00f3n para el tratamiento de sus datos?<\/b><\/p>\n<p><span style=\"font-weight: 400;\">Le indicamos la base legal para el tratamiento de sus datos:<\/span><\/p>\n<p><span style=\"font-weight: 400;\">&#8211; Ejecuci\u00f3n de un contrato: Prestaci\u00f3n de los servicios solicitados<\/span><\/p>\n<p><span style=\"font-weight: 400;\">&#8211; Consentimiento del interesado: Atender su solicitud y enviarle comunicaciones comerciales, as\u00ed como nuestros boletines.<\/span><\/p>\n<p><span style=\"font-weight: 400;\">\u00a0<\/span><\/p>\n<p><b>\u00bfA qu\u00e9 destinatarios se comunicar\u00e1n sus datos?<\/b><\/p>\n<p><span style=\"font-weight: 400;\">No se ceder\u00e1n datos a terceros, salvo obligaci\u00f3n legal.<\/span><\/p>\n<p><span style=\"font-weight: 400;\">\u200b<\/span><\/p>\n<p><b>Transferencias de datos a terceros pa\u00edses.<\/b><\/p>\n<p><span style=\"font-weight: 400;\">Est\u00e1n previstas las siguientes transferencias de datos a terceros pa\u00edses:<\/span><\/p>\n<p><span style=\"font-weight: 400;\">&#8211; Microsoft Corporation, con la finalidad de Copias seguridad de los datos. La garant\u00eda para esta transferencia se ha establecido a trav\u00e9s de: Existencia de una decisi\u00f3n de adecuaci\u00f3n de la Comisi\u00f3n. Puede consultar informaci\u00f3n adicional en:\u00a0<\/span><a href=\"https:\/\/privacy.microsoft.com\/es-es\/privacystatement\"><span style=\"font-weight: 400;\">https:\/\/privacy.microsoft.com\/es-es\/privacystatement.<\/span><\/a><\/p>\n<p><span style=\"font-weight: 400;\">\u200b<\/span><\/p>\n<p><b>\u00bfCu\u00e1les son sus derechos cuando nos facilita sus datos?<\/b><\/p>\n<p><span style=\"font-weight: 400;\">Cualquier persona tiene derecho a obtener confirmaci\u00f3n sobre si en BARCELONA UNI\u00d3N LEGAL SLP estamos tratando, o no, datos personales que les conciernan.<\/span><\/p>\n<p><span style=\"font-weight: 400;\">\u200b<\/span><\/p>\n<p><span style=\"font-weight: 400;\">Las personas interesadas tienen derecho a acceder a sus datos personales, as\u00ed como a solicitar la rectificaci\u00f3n de los datos inexactos o, en su caso, solicitar su supresi\u00f3n cuando, entre otros motivos, los datos ya no sean necesarios para los fines que fueron recogidos. Igualmente tiene derecho a la portabilidad de sus datos.<\/span><\/p>\n<p><span style=\"font-weight: 400;\">\u200b<\/span><\/p>\n<p><span style=\"font-weight: 400;\">En determinadas circunstancias, los interesados podr\u00e1n solicitar la limitaci\u00f3n del tratamiento de sus datos, en cuyo caso \u00fanicamente los conservaremos para el ejercicio o la defensa de reclamaciones. Asimismo, en los supuestos legalmente establecidos, tendr\u00e1 derecho a la portabilidad de sus datos personales.<\/span><\/p>\n<p><span style=\"font-weight: 400;\">\u200b<\/span><\/p>\n<p><span style=\"font-weight: 400;\">En determinadas circunstancias y por motivos relacionados con su situaci\u00f3n particular, los interesados podr\u00e1n oponerse al tratamiento de sus datos. En este caso, BARCELONA UNION LEGAL SLP dejar\u00e1 de tratar los datos, salvo por motivos leg\u00edtimos imperiosos, o el ejercicio o la defensa de posibles reclamaciones.<\/span><\/p>\n<p><span style=\"font-weight: 400;\">\u200b<\/span><\/p>\n<p><span style=\"font-weight: 400;\">Podr\u00e1 ejercitar materialmente sus derechos de la siguiente forma: enviando un correo electr\u00f3nico a <\/span><a href=\"mailto:ofolchi@unionlegal.com\"><span style=\"font-weight: 400;\">ofolchi@unionlegal.com<\/span><\/a><span style=\"font-weight: 400;\">\u00a0o una carta a Aribau 205, 1\u00ba &#8211; 08021 Barcelona.<\/span><\/p>\n<p><span style=\"font-weight: 400;\">\u200b<\/span><\/p>\n<p><span style=\"font-weight: 400;\">Cuando se realice el env\u00edo de comunicaciones comerciales utilizando como base jur\u00eddica el inter\u00e9s leg\u00edtimo del responsable, el interesado podr\u00e1 oponerse al tratamiento de sus datos con ese fin.<\/span><\/p>\n<p><span style=\"font-weight: 400;\">\u200b<\/span><\/p>\n<p><span style=\"font-weight: 400;\">Si ha otorgado su consentimiento para alguna finalidad concreta, tiene derecho a retirar el consentimiento otorgado en cualquier momento, sin que ello afecte a la licitud del tratamiento basado en el consentimiento previo a su retirada.<\/span><\/p>\n<p><span style=\"font-weight: 400;\">\u200b<\/span><\/p>\n<p><span style=\"font-weight: 400;\">En caso de que sienta vulnerados sus derechos en lo concerniente a la protecci\u00f3n de sus datos personales, especialmente cuando no haya obtenido satisfacci\u00f3n en el ejercicio de sus derechos, puede presentar una reclamaci\u00f3n ante la Autoridad de Control en materia de Protecci\u00f3n de Datos competente a trav\u00e9s de su sitio web:\u00a0<\/span><a href=\"http:\/\/www.agpd.es\/\"><span style=\"font-weight: 400;\">www.agpd.es<\/span><\/a><span style=\"font-weight: 400;\">.<\/span><\/p>\n<p><span style=\"font-weight: 400;\">\u200b<\/span><\/p>\n<p><b>6.2 Tratamiento de los datos personales de los contactos de correo electr\u00f3nico<\/b><\/p>\n<p><span style=\"font-weight: 400;\">\u00a0<\/span><\/p>\n<p><b>6.2.1 Informaci\u00f3n b\u00e1sica sobre Protecci\u00f3n de datos<\/b><\/p>\n<p><span style=\"font-weight: 400;\">\u00a0<\/span><\/p>\n<p><b>Responsable:<\/b><\/p>\n<p><span style=\"font-weight: 400;\">BARCELONA UNI\u00d3N LEGAL SLP<\/span><\/p>\n<p><span style=\"font-weight: 400;\">\u00a0<\/span><\/p>\n<p><b>Finalidad:<\/b><\/p>\n<p><span style=\"font-weight: 400;\">Prestarle los servicios que nos ha solicitado, atender sus solicitudes de informaci\u00f3n y enviarle comunicaciones comerciales.<\/span><\/p>\n<p><span style=\"font-weight: 400;\">\u00a0<\/span><\/p>\n<p><b>Legitimaci\u00f3n:<\/b><\/p>\n<p><span style=\"font-weight: 400;\">Ejecuci\u00f3n de contrato, Inter\u00e9s leg\u00edtimo del responsable o Consentimiento del Interesado.<\/span><\/p>\n<p><span style=\"font-weight: 400;\">\u00a0<\/span><\/p>\n<p><b>Destinatarios:<\/b><\/p>\n<p><span style=\"font-weight: 400;\">No se ceder\u00e1n datos a terceros, salvo obligaci\u00f3n legal.<\/span><\/p>\n<p><span style=\"font-weight: 400;\">\u00a0<\/span><\/p>\n<p><b>Derechos:<\/b><\/p>\n<p><span style=\"font-weight: 400;\">Tiene derecho a acceder, rectificar y suprimir los datos, as\u00ed como otros derechos, indicados en la informaci\u00f3n adicional, que puede ejercer dirigi\u00e9ndose a la direcci\u00f3n del responsable del tratamiento en\u00a0<\/span><a href=\"mailto:ofolchi@unionlegal.com\"><span style=\"font-weight: 400;\">ofolchi@unionlegal.com<\/span><\/a><span style=\"font-weight: 400;\">.<\/span><\/p>\n<p><span style=\"font-weight: 400;\">\u00a0<\/span><\/p>\n<p><b>6.2.2 Informaci\u00f3n adicional sobre protecci\u00f3n de datos<\/b><\/p>\n<p><span style=\"font-weight: 400;\">\u00a0<\/span><\/p>\n<p><b>\u00bfQui\u00e9n es el responsable del tratamiento de sus datos?<\/b><\/p>\n<p><span style=\"font-weight: 400;\">Entidad: BARCELONA UNI\u00d3N LEGAL SLP \u2013 NIF: B65111940<\/span><\/p>\n<p><span style=\"font-weight: 400;\">Direcci\u00f3n postal: Aribau 205, 1\u00ba &#8211; 08021 Barcelona<\/span><\/p>\n<p><span style=\"font-weight: 400;\">Tel\u00e9fono: 932922310<\/span><\/p>\n<p><span style=\"font-weight: 400;\">Correo electr\u00f3nico:\u00a0<\/span><a href=\"mailto:ofolchi@unionlegal.com\"><span style=\"font-weight: 400;\">ofolchi@unionlegal.com<\/span><\/a><\/p>\n<p><span style=\"font-weight: 400;\">\u00a0<\/span><\/p>\n<p><b>\u00bfCon qu\u00e9 finalidad tratamos sus datos personales?<\/b><\/p>\n<p><span style=\"font-weight: 400;\">En BARCELONA UNI\u00d3N LEGAL SLP tratamos la informaci\u00f3n que nos facilitan las personas interesadas con el fin de prestarle los servicios que nos ha solicitado, atender sus solicitudes de informaci\u00f3n y enviarle comunicaciones comerciales.<\/span><\/p>\n<p><span style=\"font-weight: 400;\">\u00a0<\/span><\/p>\n<p><b>\u00bfPor cu\u00e1nto tiempo conservaremos sus datos?<\/b><\/p>\n<p><span style=\"font-weight: 400;\">Los datos se conservar\u00e1n mientras el interesado no solicite su supresi\u00f3n.<\/span><\/p>\n<p><span style=\"font-weight: 400;\">\u200b<\/span><\/p>\n<p><b>\u00bfCu\u00e1l es la legitimaci\u00f3n para el tratamiento de sus datos?<\/b><\/p>\n<p><span style=\"font-weight: 400;\">Le indicamos la base legal para el tratamiento de sus datos:<\/span><\/p>\n<p><span style=\"font-weight: 400;\">&#8211; Ejecuci\u00f3n de contrato: Prestaci\u00f3n los servicios solicitados<\/span><\/p>\n<p><span style=\"font-weight: 400;\">&#8211; Inter\u00e9s leg\u00edtimo del responsable: Env\u00edo de comunicaciones comerciales sobre nuestros servicios y\/o productos.<\/span><\/p>\n<p><span style=\"font-weight: 400;\">&#8211; Consentimiento del Interesado: Env\u00edo de comunicaciones comerciales sobre nuestros servicios y\/o\u00a0productos en base a solicitudes previas mantenidas con el responsables del tratamiento.<\/span><\/p>\n<p><span style=\"font-weight: 400;\">\u200b<\/span><\/p>\n<p><b>\u00bfA qu\u00e9 destinatarios se comunicar\u00e1n sus datos?<\/b><\/p>\n<p><span style=\"font-weight: 400;\">No se ceder\u00e1n datos a terceros, salvo obligaci\u00f3n legal.<\/span><\/p>\n<p><span style=\"font-weight: 400;\">\u00a0<\/span><\/p>\n<p><b>Transferencias de datos a terceros pa\u00edses.<\/b><\/p>\n<p><span style=\"font-weight: 400;\">Est\u00e1n previstas las siguientes transferencias de datos a terceros pa\u00edses:<\/span><\/p>\n<p><span style=\"font-weight: 400;\">&#8211; Microsoft Corporation, con la finalidad de Copias seguridad de los datos. La garant\u00eda para esta transferencia se ha establecido a trav\u00e9s de: Existencia de una decisi\u00f3n de adecuaci\u00f3n de la Comisi\u00f3n. Puede consultar informaci\u00f3n adicional en:\u00a0<\/span><a href=\"https:\/\/privacy.microsoft.com\/es-es\/privacystatement\"><span style=\"font-weight: 400;\">https:\/\/privacy.microsoft.com\/es-es\/privacystatement<\/span><\/a><span style=\"font-weight: 400;\">.<\/span><\/p>\n<p><span style=\"font-weight: 400;\">\u200b<\/span><\/p>\n<p><b>\u00bfCu\u00e1les son sus derechos cuando nos facilita sus datos?<\/b><\/p>\n<p><span style=\"font-weight: 400;\">Cualquier persona tiene derecho a obtener confirmaci\u00f3n sobre si en BARCELONA UNI\u00d3N LEGAL SLP estamos tratando, o no, datos personales que les conciernan.<\/span><\/p>\n<p><span style=\"font-weight: 400;\">\u200b<\/span><\/p>\n<p><span style=\"font-weight: 400;\">Las personas interesadas tienen derecho a acceder a sus datos personales, as\u00ed como a solicitar la rectificaci\u00f3n de los datos inexactos o, en su caso, solicitar su supresi\u00f3n cuando, entre otros motivos, los datos ya no sean necesarios para los fines que fueron recogidos. Igualmente tiene derecho a la portabilidad de sus datos.<\/span><\/p>\n<p><span style=\"font-weight: 400;\">\u200b<\/span><\/p>\n<p><span style=\"font-weight: 400;\">En determinadas circunstancias, los interesados podr\u00e1n solicitar la limitaci\u00f3n del tratamiento de sus datos, en cuyo caso \u00fanicamente los conservaremos para el ejercicio o la defensa de reclamaciones. Asimismo, en los supuestos legalmente establecidos, tendr\u00e1 derecho a la portabilidad de sus datos personales.<\/span><\/p>\n<p><span style=\"font-weight: 400;\">\u200b<\/span><\/p>\n<p><span style=\"font-weight: 400;\">En determinadas circunstancias y por motivos relacionados con su situaci\u00f3n particular, los interesados podr\u00e1n oponerse al tratamiento de sus datos. En este caso, BARCELONA UNI\u00d3N LEGAL SLP dejar\u00e1 de tratar los datos, salvo por motivos leg\u00edtimos imperiosos, o el ejercicio o la defensa de posibles reclamaciones.<\/span><\/p>\n<p><span style=\"font-weight: 400;\">\u200b<\/span><\/p>\n<p><span style=\"font-weight: 400;\">Podr\u00e1 ejercitar materialmente sus derechos de la siguiente forma: enviando un correo electr\u00f3nico a\u00a0<\/span><a href=\"mailto:ofolchi@unionlegal.com\"><span style=\"font-weight: 400;\">ofolchi@unionlegal.com<\/span><\/a><span style=\"font-weight: 400;\">\u00a0o una carta a Aribau 205, 1\u00ba &#8211; 08021 Barcelona.<\/span><\/p>\n<p><span style=\"font-weight: 400;\">\u200b<\/span><\/p>\n<p><span style=\"font-weight: 400;\">Cuando se realice el env\u00edo de comunicaciones comerciales utilizando como base jur\u00eddica el inter\u00e9s leg\u00edtimo del responsable, el interesado podr\u00e1 oponerse al tratamiento de sus datos con ese fin.<\/span><\/p>\n<p><span style=\"font-weight: 400;\">\u200b<\/span><\/p>\n<p><span style=\"font-weight: 400;\">Si ha otorgado su consentimiento para alguna finalidad concreta, tiene derecho a retirar el consentimiento otorgado en cualquier momento, sin que ello afecte a la licitud del tratamiento basado en el consentimiento previo a su retirada.<\/span><\/p>\n<p><span style=\"font-weight: 400;\">\u200b<\/span><\/p>\n<p><span style=\"font-weight: 400;\">En caso de que sienta vulnerados sus derechos en lo concerniente a la protecci\u00f3n de sus datos personales, especialmente cuando no haya obtenido satisfacci\u00f3n en el ejercicio de sus derechos, puede presentar una reclamaci\u00f3n ante la Autoridad de Control en materia de Protecci\u00f3n de Datos competente a trav\u00e9s de su sitio web:\u00a0<\/span><a href=\"http:\/\/www.agpd.es\/\"><span style=\"font-weight: 400;\">www.agpd.es<\/span><\/a><span style=\"font-weight: 400;\">.<\/span><\/p>\n<p><span style=\"font-weight: 400;\">\u200b<\/span><\/p>\n<p><b>6.3 Tratamiento de los datos personales de los contactos de videovigilancia<\/b><\/p>\n<p><span style=\"font-weight: 400;\">\u00a0<\/span><\/p>\n<p><b>6.3.1 Informaci\u00f3n b\u00e1sica sobre Protecci\u00f3n de datos<\/b><\/p>\n<p><span style=\"font-weight: 400;\">\u00a0<\/span><\/p>\n<p><b>Responsable:<\/b><\/p>\n<p><span style=\"font-weight: 400;\">BARCELONA UNI\u00d3N LEGAL SLP<\/span><\/p>\n<p><span style=\"font-weight: 400;\">\u00a0<\/span><\/p>\n<p><b>Finalidad:<\/b><\/p>\n<p><span style=\"font-weight: 400;\">Garantizar la seguridad de personas, bienes e instalaciones.<\/span><\/p>\n<p><span style=\"font-weight: 400;\">\u00a0<\/span><\/p>\n<p><b>Legitimaci\u00f3n:<\/b><\/p>\n<p><span style=\"font-weight: 400;\">Misi\u00f3n en Inter\u00e9s p\u00fablico.<\/span><\/p>\n<p><span style=\"font-weight: 400;\">\u00a0<\/span><\/p>\n<p><b>Destinatarios:<\/b><\/p>\n<p><span style=\"font-weight: 400;\">Est\u00e1n previstas cesiones de datos a: En su caso, las fuerzas y cuerpos de seguridad del Estado, as\u00ed como Juzgados y Tribunales.<\/span><\/p>\n<p><span style=\"font-weight: 400;\">\u00a0<\/span><\/p>\n<p><b>Derechos:<\/b><\/p>\n<p><span style=\"font-weight: 400;\">Tiene derecho a acceder, rectificar y suprimir los datos, as\u00ed como otros derechos, indicados en la informaci\u00f3n adicional, que puede ejercer dirigi\u00e9ndose a la direcci\u00f3n del responsable del tratamiento.<\/span><\/p>\n<p><span style=\"font-weight: 400;\">\u00a0<\/span><\/p>\n<p><b>6.3.2 Informaci\u00f3n adicional sobre protecci\u00f3n de datos<\/b><\/p>\n<p><span style=\"font-weight: 400;\">\u00a0<\/span><b>\u00bfCon qu\u00e9 finalidad tratamos sus datos personales?<\/b><\/p>\n<p><span style=\"font-weight: 400;\">En BARCELONA UNI\u00d3N LEGAL SLP tratamos la informaci\u00f3n que nos facilitan las personas interesadas con el fin de garantizar la seguridad de personas, bienes e instalaciones. En el caso de que no facilite sus datos personales, no podremos cumplir con las funcionalidades descritas anteriormente.<\/span><\/p>\n<p><span style=\"font-weight: 400;\">\u200b<\/span><\/p>\n<p><b>\u00bfPor cu\u00e1nto tiempo conservaremos sus datos?<\/b><\/p>\n<p><span style=\"font-weight: 400;\">Los datos se conservar\u00e1n un m\u00e1ximo de 30 d\u00edas, salvo comunicaci\u00f3n a Fuerzas y Cuerpos de Seguridad, y\/o Juzgados y Tribunales.<\/span><\/p>\n<p><span style=\"font-weight: 400;\">\u200b<\/span><\/p>\n<p><b>\u00bfCu\u00e1l es la legitimaci\u00f3n para el tratamiento de sus datos?<\/b><\/p>\n<p><span style=\"font-weight: 400;\">Le indicamos la base legal para el tratamiento de sus datos:<\/span><\/p>\n<p><span style=\"font-weight: 400;\">&#8211; Misi\u00f3n en Inter\u00e9s p\u00fablico: Garantizar la seguridad de personas, bienes e instalaciones.<\/span><\/p>\n<p><span style=\"font-weight: 400;\">\u200b<\/span><\/p>\n<p><b>\u00bfA qu\u00e9 destinatarios se comunicar\u00e1n sus datos?<\/b><\/p>\n<p><span style=\"font-weight: 400;\">Los datos se comunicar\u00e1n a los siguientes destinatarios:<\/span><\/p>\n<p><span style=\"font-weight: 400;\">&#8211; Fuerzas y cuerpos de seguridad del Estado, as\u00ed como Juzgados y Tribunales., con la finalidad de aportar las im\u00e1genes si se ha cometido un delito.<\/span><\/p>\n<p><span style=\"font-weight: 400;\">\u200b<\/span><\/p>\n<p><b>Transferencias de datos a terceros pa\u00edses<\/b><\/p>\n<p><span style=\"font-weight: 400;\">No est\u00e1n previstas transferencias de datos a terceros pa\u00edses.<\/span><\/p>\n<h2><\/h2>\n<h2>Aviso Legal<\/h2>\n<p>&nbsp;<\/p>\n<ol>\n<li><b> OBJETO Y ACEPTACI\u00d3N<\/b><\/li>\n<\/ol>\n<p><span style=\"font-weight: 400;\">\u00a0<\/span><\/p>\n<p><span style=\"font-weight: 400;\">El presente aviso legal regula el uso y utilizaci\u00f3n del sitio web\u00a0<\/span><a href=\"http:\/\/www.unionlegal.com\"><span style=\"font-weight: 400;\">www.unionlegal.com<\/span><\/a><span style=\"font-weight: 400;\">\u00a0(en adelante, LA WEB), del que es titular BARCELONA UNI\u00d3N LEGAL SLP (en adelante, UNI\u00d3N LEGAL).<\/span><\/p>\n<p><span style=\"font-weight: 400;\">\u200b<\/span><\/p>\n<p><span style=\"font-weight: 400;\">La navegaci\u00f3n por el sitio web de UNI\u00d3N LEGAL le atribuye la condici\u00f3n de usuario del mismo y conlleva su aceptaci\u00f3n plena y sin reservas de todas y cada una de las condiciones publicadas en este aviso legal, advirtiendo de que dichas condiciones podr\u00e1n ser modificadas sin notificaci\u00f3n previa por parte de UNI\u00d3N LEGAL, en cuyo caso se proceder\u00e1 a su publicaci\u00f3n y aviso con la m\u00e1xima antelaci\u00f3n posible.<\/span><\/p>\n<p><span style=\"font-weight: 400;\">\u200b<\/span><\/p>\n<p><span style=\"font-weight: 400;\">Por ello es recomendable leer atentamente su contenido en caso de desear acceder y hacer uso de la informaci\u00f3n y de los servicios ofrecidos desde este sitio web.<\/span><\/p>\n<p><span style=\"font-weight: 400;\">\u200b<\/span><\/p>\n<p><span style=\"font-weight: 400;\">El usuario, adem\u00e1s, se obliga a hacer un uso correcto del sitio web de conformidad con las leyes, la buena fe, el orden p\u00fablico, los usos del tr\u00e1fico y el presente Aviso Legal, y responder\u00e1 frente a UNI\u00d3N LEGAL o frente a terceros, de cualesquiera da\u00f1os y perjuicios que pudieran causarse como consecuencia del incumplimiento de dicha obligaci\u00f3n.<\/span><\/p>\n<p><span style=\"font-weight: 400;\">\u00a0<\/span><\/p>\n<p><span style=\"font-weight: 400;\">Cualquier utilizaci\u00f3n distinta a la autorizada est\u00e1 expresamente prohibida, pudiendo UNI\u00d3N LEGAL denegar o retirar el acceso y su uso en cualquier momento.<\/span><\/p>\n<p><span style=\"font-weight: 400;\">\u00a0<\/span><\/p>\n<ol>\n<li><b> IDENTIFICACI\u00d3N Y COMUNICACIONES<\/b><\/li>\n<\/ol>\n<p><b>\u200b<\/b><\/p>\n<p><span style=\"font-weight: 400;\">UNI\u00d3N LEGAL, en cumplimiento de la Ley 34\/2002, de 11 de julio, de Servicios de la Sociedad de la Informaci\u00f3n y de Comercio Electr\u00f3nico, le informa de que:<\/span><\/p>\n<p><span style=\"font-weight: 400;\">\u200b<\/span><\/p>\n<ul>\n<li style=\"font-weight: 400;\" aria-level=\"1\"><span style=\"font-weight: 400;\">Su denominaci\u00f3n social es: BARCELONA UNI\u00d3N LEGAL SLP<\/span><\/li>\n<li style=\"font-weight: 400;\" aria-level=\"1\"><span style=\"font-weight: 400;\">Su nombre comercial es: UNI\u00d3N LEGAL<\/span><\/li>\n<li style=\"font-weight: 400;\" aria-level=\"1\"><span style=\"font-weight: 400;\">Su CIF es: B65111940<\/span><\/li>\n<li style=\"font-weight: 400;\" aria-level=\"1\"><span style=\"font-weight: 400;\">Su domicilio social est\u00e1 en: Aribau 205, 1\u00ba &#8211; 08021 Barcelona<\/span><\/li>\n<li style=\"font-weight: 400;\" aria-level=\"1\"><span style=\"font-weight: 400;\">Inscrita en el Registro Mercantil de Barcelona, Tomo 41354; Folio 213; Secci\u00f3n 8\u00aa; Hoja B 391341; Inscripci\u00f3n 4.<\/span><\/li>\n<\/ul>\n<p><span style=\"font-weight: 400;\">\u00a0 \u00a0 \u00a0 \u00a0Otros registros p\u00fablicos en los que aparezca la entidad:<\/span><\/p>\n<ul>\n<li style=\"font-weight: 400;\" aria-level=\"1\"><span style=\"font-weight: 400;\">Registro de Sociedades profesionales del Colegio de Abogados de Barcelona, con el n\u00famero 675.<\/span><\/li>\n<\/ul>\n<p><span style=\"font-weight: 400;\">\u00a0<\/span><\/p>\n<p><span style=\"font-weight: 400;\">Para comunicarse con nosotros, ponemos a su disposici\u00f3n diferentes medios de contacto que detallamos a continuaci\u00f3n:<\/span><\/p>\n<p><span style=\"font-weight: 400;\">Tel\u00e9fono: 932922310<\/span><\/p>\n<p><span style=\"font-weight: 400;\">Email:\u00a0<\/span><a href=\"mailto:ofolchi@unionlegal.com\"><span style=\"font-weight: 400;\">ofolchi@unionlegal.com<\/span><\/a><\/p>\n<p><span style=\"font-weight: 400;\">\u200b<\/span><\/p>\n<p><span style=\"font-weight: 400;\">Todas las notificaciones y comunicaciones entre los usuarios y UNI\u00d3N LEGAL se considerar\u00e1n eficaces, a todos los efectos, cuando se realicen a trav\u00e9s de cualquier medio de los detallados anteriormente.\u00a0<\/span><\/p>\n<p><span style=\"font-weight: 400;\">\u00a0<\/span><\/p>\n<ol start=\"2\">\n<li><b> CONDICIONES DE ACCESO Y UTILIZACI\u00d3N<\/b><\/li>\n<\/ol>\n<p><b>\u200b<\/b><span style=\"font-weight: 400;\">El sitio web y sus servicios son de acceso libre y gratuito. No obstante, UNI\u00d3N LEGAL puede condicionar la utilizaci\u00f3n de algunos de los servicios ofrecidos en su web a la previa cumplimentaci\u00f3n del correspondiente formulario.<\/span><\/p>\n<p><span style=\"font-weight: 400;\">\u200b<\/span><\/p>\n<p><span style=\"font-weight: 400;\">El usuario garantiza la autenticidad y actualidad de todos aquellos datos que comunique a UNI\u00d3N LEGAL y ser\u00e1 el \u00fanico responsable de las manifestaciones falsas o inexactas que realice.<\/span><\/p>\n<p><span style=\"font-weight: 400;\">\u200b<\/span><\/p>\n<p><span style=\"font-weight: 400;\">El usuario se compromete expresamente a hacer un uso adecuado de los contenidos y servicios de UNI\u00d3N LEGAL y a no emplearlos para, entre otros:<\/span><\/p>\n<p><span style=\"font-weight: 400;\">\u200b<\/span><\/p>\n<ol>\n<li><span style=\"font-weight: 400;\">a) Difundir contenidos delictivos, violentos, pornogr\u00e1ficos, racistas, xen\u00f3fobos, ofensivos, de apolog\u00eda del terrorismo o, en general, contrarios a la ley o al orden p\u00fablico.<\/span><\/li>\n<li><span style=\"font-weight: 400;\">b) Introducir en la red virus inform\u00e1ticos o realizar actuaciones susceptibles de alterar, estropear, interrumpir o generar errores o da\u00f1os en los documentos electr\u00f3nicos, datos o sistemas f\u00edsicos y l\u00f3gicos de UNI\u00d3N LEGAL o de terceras personas; as\u00ed como obstaculizar el acceso de otros usuarios al sitio web y a sus servicios mediante el consumo masivo de los recursos inform\u00e1ticos a trav\u00e9s de los cuales UNI\u00d3N LEGAL presta sus servicios.<\/span><\/li>\n<li><span style=\"font-weight: 400;\">c) Intentar acceder a las cuentas de correo electr\u00f3nico de otros usuarios o a \u00e1reas restringidas de los sistemas inform\u00e1ticos de UNI\u00d3N LEGAL o de terceros y, en su caso, extraer informaci\u00f3n.<\/span><\/li>\n<li><span style=\"font-weight: 400;\">d) Vulnerar los derechos de propiedad intelectual o industrial, as\u00ed como violar la confidencialidad de la informaci\u00f3n de UNI\u00d3N LEGAL o de terceros.<\/span><\/li>\n<li><span style=\"font-weight: 400;\">e) Suplantar la identidad de cualquier otro usuario.<\/span><\/li>\n<li><span style=\"font-weight: 400;\">f) Reproducir, copiar, distribuir, poner a disposici\u00f3n de, o cualquier otra forma de comunicaci\u00f3n p\u00fablica, transformar o modificar los contenidos, a menos que se cuente con la autorizaci\u00f3n del titular de los correspondientes derechos o ello resulte legalmente permitido.<\/span><\/li>\n<li><span style=\"font-weight: 400;\">g) Recabar datos con finalidad publicitaria y de remitir publicidad de cualquier clase y comunicaciones con fines de venta u otras de naturaleza comercial sin que medie su previa solicitud o consentimiento.<\/span><\/li>\n<\/ol>\n<p><span style=\"font-weight: 400;\">\u00a0<\/span><\/p>\n<p><span style=\"font-weight: 400;\">Todos los contenidos del sitio web, como textos, fotograf\u00edas, gr\u00e1ficos, im\u00e1genes, iconos, tecnolog\u00eda, software, as\u00ed como su dise\u00f1o gr\u00e1fico y c\u00f3digos fuente, constituyen una obra cuya propiedad pertenece a UNI\u00d3N LEGAL, sin que puedan entenderse cedidos al usuario ninguno de los derechos de explotaci\u00f3n sobre los mismos m\u00e1s all\u00e1 de lo estrictamente necesario para el correcto uso de la web.<\/span><\/p>\n<p><span style=\"font-weight: 400;\">\u200b<\/span><\/p>\n<p><span style=\"font-weight: 400;\">En definitiva, los usuarios que accedan a este sitio web pueden visualizar los contenidos y efectuar, en su caso, copias privadas autorizadas siempre que los elementos reproducidos no sean cedidos posteriormente a terceros, ni se instalen a servidores conectados a redes, ni sean objeto de ning\u00fan tipo de explotaci\u00f3n.<\/span><\/p>\n<p><span style=\"font-weight: 400;\">\u200b<\/span><\/p>\n<p><span style=\"font-weight: 400;\">Asimismo, todas las marcas, nombres comerciales o signos distintivos de cualquier clase que aparecen en el sitio web son propiedad de UNI\u00d3N LEGAL, sin que pueda entenderse que el uso o acceso al mismo atribuya al usuario derecho alguno sobre los mismos.<\/span><\/p>\n<p><span style=\"font-weight: 400;\">\u200b<\/span><\/p>\n<p><span style=\"font-weight: 400;\">La distribuci\u00f3n, modificaci\u00f3n, cesi\u00f3n o comunicaci\u00f3n p\u00fablica de los contenidos y cualquier otro acto que no haya sido expresamente autorizado por el titular de los derechos de explotaci\u00f3n quedan prohibidos.<\/span><\/p>\n<p><span style=\"font-weight: 400;\">\u200b<\/span><span style=\"font-weight: 400;\">El establecimiento de un hiperenlace no implica en ning\u00fan caso la existencia de relaciones entre UNI\u00d3N LEGAL y el propietario del sitio web en la que se establezca, ni la aceptaci\u00f3n y aprobaci\u00f3n por parte de UNI\u00d3N LEGAL de sus contenidos o servicios.<\/span><\/p>\n<p><span style=\"font-weight: 400;\">\u200b<\/span><\/p>\n<p><span style=\"font-weight: 400;\">UNI\u00d3N LEGAL no se responsabiliza del uso que cada usuario le d\u00e9 a los materiales puestos a disposici\u00f3n en este sitio web ni de las actuaciones que realice en base a los mismos.<\/span><\/p>\n<p><span style=\"font-weight: 400;\">\u00a0<\/span><\/p>\n<ol start=\"3\">\n<li><b>EXCLUSI\u00d3N DE GARANT\u00cdAS Y DE RESPONSABILIDAD<\/b><\/li>\n<\/ol>\n<p><span style=\"font-weight: 400;\">\u00a0<\/span><\/p>\n<p><span style=\"font-weight: 400;\">El contenido del presente sitio web es de car\u00e1cter general y tiene una finalidad meramente informativa, sin que se garantice plenamente el acceso a todos los contenidos, ni su exhaustividad, correcci\u00f3n, vigencia o actualidad, ni su idoneidad o utilidad para un objetivo espec\u00edfico.<\/span><\/p>\n<p><span style=\"font-weight: 400;\">\u200b<\/span><\/p>\n<p><span style=\"font-weight: 400;\">UNI\u00d3N LEGAL excluye, hasta donde permite el ordenamiento jur\u00eddico, cualquier responsabilidad por los da\u00f1os y perjuicios de toda naturaleza derivados de:<\/span><\/p>\n<p><span style=\"font-weight: 400;\">\u200b<\/span><\/p>\n<ol>\n<li><span style=\"font-weight: 400;\">a)\u00a0 La imposibilidad de acceso al sitio web o la falta de veracidad, exactitud, exhaustividad y\/o actualidad de los contenidos, as\u00ed como la existencia de vicios y defectos de toda clase de los contenidos transmitidos, difundidos, almacenados, puestos a disposici\u00f3n, a los que se haya accedido a trav\u00e9s del sitio web o de los servicios que se ofrecen.<\/span><\/li>\n<li><span style=\"font-weight: 400;\">b)\u00a0 La presencia de virus o de otros elementos en los contenidos que puedan producir alteraciones en los sistemas inform\u00e1ticos, documentos electr\u00f3nicos o datos de los usuarios.<\/span><\/li>\n<li><span style=\"font-weight: 400;\">c)\u00a0\u00a0 El incumplimiento de las leyes, la buena fe, el orden p\u00fablico, los usos del tr\u00e1fico y el presente aviso legal como consecuencia del uso incorrecto del sitio web. En particular, y a modo ejemplificativo, UNI\u00d3N LEGAL no se hace responsable de las actuaciones de terceros que vulneren derechos de propiedad intelectual e industrial, secretos empresariales, derechos al honor, a la intimidad personal y familiar y a la propia imagen, as\u00ed como la normativa en materia de competencia desleal y publicidad il\u00edcita.<\/span><\/li>\n<\/ol>\n<p><span style=\"font-weight: 400;\">\u00a0<\/span><\/p>\n<p><span style=\"font-weight: 400;\">Asimismo, UNI\u00d3N LEGAL declina cualquier responsabilidad respecto a la informaci\u00f3n que se halle fuera de esta web y no sea gestionada directamente por nuestro webmaster. La funci\u00f3n de los links que aparecen en esta web es exclusivamente la de informar al usuario sobre la existencia de otras fuentes susceptibles de ampliar los contenidos que ofrece este sitio web. UNI\u00d3N LEGAL no garantiza ni se responsabiliza del funcionamiento o accesibilidad de los sitios enlazados; ni sugiere, invita o recomienda la visita a los mismos, por lo que tampoco ser\u00e1 responsable del resultado obtenido. UNI\u00d3N LEGAL no se responsabiliza del establecimiento de hiperv\u00ednculos por parte de terceros.<\/span><\/p>\n<p><span style=\"font-weight: 400;\">\u00a0<\/span><\/p>\n<ol start=\"4\">\n<li><b> PROCEDIMIENTO EN CASO DE REALIZACI\u00d3N DE ACTIVIDADES DE CAR\u00c1CTER IL\u00cdCITO<\/b><\/li>\n<\/ol>\n<p><span style=\"font-weight: 400;\">\u00a0<\/span><\/p>\n<p><span style=\"font-weight: 400;\">En el caso de que cualquier usuario o un tercero considere que existen hechos o circunstancias que revelen el car\u00e1cter il\u00edcito de la utilizaci\u00f3n de cualquier contenido y\/o de la realizaci\u00f3n de cualquier actividad en las p\u00e1ginas web incluidas o accesibles a trav\u00e9s del sitio web, deber\u00e1 enviar una notificaci\u00f3n a UNI\u00d3N LEGAL identific\u00e1ndose debidamente, especificando las supuestas infracciones y declarando expresamente y bajo su responsabilidad que la informaci\u00f3n proporcionada en la notificaci\u00f3n es exacta.<\/span><\/p>\n<p><span style=\"font-weight: 400;\">\u200b<\/span><span style=\"font-weight: 400;\">Para toda cuesti\u00f3n litigiosa que incumba al sitio web de UNI\u00d3N LEGAL, ser\u00e1 de aplicaci\u00f3n la legislaci\u00f3n espa\u00f1ola, siendo competentes los Juzgados y Tribunales de Barcelona (Espa\u00f1a).<\/span><\/p>\n<p><span style=\"font-weight: 400;\">\u200b<\/span><\/p>\n<ol start=\"5\">\n<li><b> PUBLICACIONES<\/b><\/li>\n<\/ol>\n<p><span style=\"font-weight: 400;\">\u00a0<\/span><\/p>\n<p><span style=\"font-weight: 400;\">La informaci\u00f3n administrativa facilitada a trav\u00e9s del sitio web no sustituye la publicidad legal de las leyes, normativas, planes, disposiciones generales y actos que tengan que ser publicados formalmente a los diarios oficiales de las administraciones p\u00fablicas, que constituyen el \u00fanico instrumento que da fe de su autenticidad y contenido. La informaci\u00f3n disponible en este sitio web debe entenderse como una gu\u00eda sin prop\u00f3sito de validez legal.<\/span>[\/vc_column_text][\/vc_column][vc_column column_padding=\u00bbno-extra-padding\u00bb column_padding_tablet=\u00bbinherit\u00bb column_padding_phone=\u00bbinherit\u00bb column_padding_position=\u00bball\u00bb column_element_direction_desktop=\u00bbdefault\u00bb column_element_spacing=\u00bbdefault\u00bb desktop_text_alignment=\u00bbdefault\u00bb tablet_text_alignment=\u00bbdefault\u00bb phone_text_alignment=\u00bbdefault\u00bb background_color_opacity=\u00bb1&#8243; background_hover_color_opacity=\u00bb1&#8243; column_backdrop_filter=\u00bbnone\u00bb column_shadow=\u00bbnone\u00bb column_border_radius=\u00bbnone\u00bb column_link_target=\u00bb_self\u00bb column_position=\u00bbdefault\u00bb gradient_direction=\u00bbleft_to_right\u00bb overlay_strength=\u00bb0.3&#8243; width=\u00bb1\/6&#8243; tablet_width_inherit=\u00bbdefault\u00bb animation_type=\u00bbdefault\u00bb bg_image_animation=\u00bbnone\u00bb border_type=\u00bbsimple\u00bb column_border_width=\u00bbnone\u00bb column_border_style=\u00bbsolid\u00bb][\/vc_column][\/vc_row][vc_row type=\u00bbin_container\u00bb full_screen_row_position=\u00bbmiddle\u00bb column_margin=\u00bbdefault\u00bb column_direction=\u00bbdefault\u00bb column_direction_tablet=\u00bbdefault\u00bb column_direction_phone=\u00bbdefault\u00bb scene_position=\u00bbcenter\u00bb text_color=\u00bbdark\u00bb text_align=\u00bbleft\u00bb row_border_radius=\u00bbnone\u00bb row_border_radius_applies=\u00bbbg\u00bb overflow=\u00bbvisible\u00bb overlay_strength=\u00bb0.3&#8243; gradient_direction=\u00bbleft_to_right\u00bb shape_divider_position=\u00bbbottom\u00bb bg_image_animation=\u00bbnone\u00bb][vc_column column_padding=\u00bbno-extra-padding\u00bb column_padding_tablet=\u00bbinherit\u00bb column_padding_phone=\u00bbinherit\u00bb column_padding_position=\u00bball\u00bb column_element_direction_desktop=\u00bbdefault\u00bb column_element_spacing=\u00bbdefault\u00bb desktop_text_alignment=\u00bbdefault\u00bb tablet_text_alignment=\u00bbdefault\u00bb phone_text_alignment=\u00bbdefault\u00bb background_color_opacity=\u00bb1&#8243; background_hover_color_opacity=\u00bb1&#8243; column_backdrop_filter=\u00bbnone\u00bb column_shadow=\u00bbnone\u00bb column_border_radius=\u00bbnone\u00bb column_link_target=\u00bb_self\u00bb column_position=\u00bbdefault\u00bb gradient_direction=\u00bbleft_to_right\u00bb overlay_strength=\u00bb0.3&#8243; width=\u00bb1\/1&#8243; tablet_width_inherit=\u00bbdefault\u00bb animation_type=\u00bbdefault\u00bb bg_image_animation=\u00bbnone\u00bb border_type=\u00bbsimple\u00bb column_border_width=\u00bbnone\u00bb column_border_style=\u00bbsolid\u00bb][nectar_global_section id=\u00bb179&#8243;][\/vc_column][\/vc_row][vc_row type=\u00bbin_container\u00bb full_screen_row_position=\u00bbmiddle\u00bb column_margin=\u00bbdefault\u00bb column_direction=\u00bbdefault\u00bb column_direction_tablet=\u00bbdefault\u00bb column_direction_phone=\u00bbdefault\u00bb scene_position=\u00bbcenter\u00bb text_color=\u00bbdark\u00bb text_align=\u00bbleft\u00bb row_border_radius=\u00bbnone\u00bb row_border_radius_applies=\u00bbbg\u00bb overflow=\u00bbvisible\u00bb overlay_strength=\u00bb0.3&#8243; gradient_direction=\u00bbleft_to_right\u00bb shape_divider_position=\u00bbbottom\u00bb bg_image_animation=\u00bbnone\u00bb][vc_column column_padding=\u00bbno-extra-padding\u00bb column_padding_tablet=\u00bbinherit\u00bb column_padding_phone=\u00bbinherit\u00bb column_padding_position=\u00bball\u00bb column_element_direction_desktop=\u00bbdefault\u00bb column_element_spacing=\u00bbdefault\u00bb desktop_text_alignment=\u00bbdefault\u00bb tablet_text_alignment=\u00bbdefault\u00bb phone_text_alignment=\u00bbdefault\u00bb background_color_opacity=\u00bb1&#8243; background_hover_color_opacity=\u00bb1&#8243; column_backdrop_filter=\u00bbnone\u00bb column_shadow=\u00bbnone\u00bb column_border_radius=\u00bbnone\u00bb column_link_target=\u00bb_self\u00bb column_position=\u00bbdefault\u00bb gradient_direction=\u00bbleft_to_right\u00bb overlay_strength=\u00bb0.3&#8243; width=\u00bb1\/1&#8243; tablet_width_inherit=\u00bbdefault\u00bb animation_type=\u00bbdefault\u00bb bg_image_animation=\u00bbnone\u00bb border_type=\u00bbsimple\u00bb column_border_width=\u00bbnone\u00bb column_border_style=\u00bbsolid\u00bb][nectar_global_section id=\u00bb385&#8243;][\/vc_column][\/vc_row]\n","protected":false},"excerpt":{"rendered":"<p>[vc_row type=\u00bbfull_width_background\u00bb full_screen_row_position=\u00bbmiddle\u00bb column_margin=\u00bbdefault\u00bb column_direction=\u00bbdefault\u00bb column_direction_tablet=\u00bbdefault\u00bb column_direction_phone=\u00bbdefault\u00bb bg_image=\u00bb246&#8243; bg_position=\u00bbcenter center\u00bb background_image_loading=\u00bbdefault\u00bb bg_repeat=\u00bbno-repeat\u00bb scene_position=\u00bbcenter\u00bb text_color=\u00bbdark\u00bb text_align=\u00bbleft\u00bb row_border_radius=\u00bbnone\u00bb row_border_radius_applies=\u00bbbg\u00bb overflow=\u00bbvisible\u00bb overlay_strength=\u00bb0.3&#8243; gradient_direction=\u00bbleft_to_right\u00bb shape_divider_position=\u00bbbottom\u00bb bg_image_animation=\u00bbzoom-out\u00bb gradient_type=\u00bbdefault\u00bb shape_type=\u00bb\u00bb][vc_column column_padding=\u00bbno-extra-padding\u00bb column_padding_tablet=\u00bbinherit\u00bb column_padding_phone=\u00bbinherit\u00bb column_padding_position=\u00bball\u00bb top_margin=\u00bb180&#8243; bottom_margin=\u00bb120&#8243;&#8230;<\/p>\n","protected":false},"author":1,"featured_media":0,"parent":0,"menu_order":0,"comment_status":"closed","ping_status":"closed","template":"","meta":{"footnotes":""},"class_list":["post-1513","page","type-page","status-publish"],"yoast_head":"<!-- This site is optimized with the Yoast SEO plugin v22.4 - https:\/\/yoast.com\/wordpress\/plugins\/seo\/ -->\n<title>Pol\u00edtica de Privacitat i Av\u00eds Legal - Union Legal<\/title>\n<meta name=\"robots\" content=\"index, follow, max-snippet:-1, max-image-preview:large, max-video-preview:-1\" \/>\n<link rel=\"canonical\" href=\"https:\/\/unionlegal.com\/es\/politica-de-privacitat-i-avis-legal\/\" \/>\n<meta property=\"og:locale\" content=\"es_ES\" \/>\n<meta property=\"og:type\" content=\"article\" \/>\n<meta property=\"og:title\" content=\"Pol\u00edtica de Privacitat i Av\u00eds Legal - Union Legal\" \/>\n<meta property=\"og:description\" content=\"[vc_row type=\u00bbfull_width_background\u00bb full_screen_row_position=\u00bbmiddle\u00bb column_margin=\u00bbdefault\u00bb column_direction=\u00bbdefault\u00bb column_direction_tablet=\u00bbdefault\u00bb column_direction_phone=\u00bbdefault\u00bb bg_image=\u00bb246&#8243; bg_position=\u00bbcenter center\u00bb background_image_loading=\u00bbdefault\u00bb bg_repeat=\u00bbno-repeat\u00bb scene_position=\u00bbcenter\u00bb text_color=\u00bbdark\u00bb text_align=\u00bbleft\u00bb row_border_radius=\u00bbnone\u00bb row_border_radius_applies=\u00bbbg\u00bb overflow=\u00bbvisible\u00bb overlay_strength=\u00bb0.3&#8243; gradient_direction=\u00bbleft_to_right\u00bb shape_divider_position=\u00bbbottom\u00bb bg_image_animation=\u00bbzoom-out\u00bb gradient_type=\u00bbdefault\u00bb shape_type=\u00bb\u00bb][vc_column column_padding=\u00bbno-extra-padding\u00bb column_padding_tablet=\u00bbinherit\u00bb column_padding_phone=\u00bbinherit\u00bb column_padding_position=\u00bball\u00bb top_margin=\u00bb180&#8243; bottom_margin=\u00bb120&#8243;...\" \/>\n<meta property=\"og:url\" content=\"https:\/\/unionlegal.com\/es\/politica-de-privacitat-i-avis-legal\/\" \/>\n<meta property=\"og:site_name\" content=\"Union Legal\" \/>\n<meta property=\"article:modified_time\" content=\"2024-04-08T11:30:03+00:00\" \/>\n<meta name=\"twitter:card\" content=\"summary_large_image\" \/>\n<meta name=\"twitter:label1\" content=\"Tiempo de lectura\" \/>\n\t<meta name=\"twitter:data1\" content=\"18 minutos\" \/>\n<script type=\"application\/ld+json\" class=\"yoast-schema-graph\">{\"@context\":\"https:\/\/schema.org\",\"@graph\":[{\"@type\":\"WebPage\",\"@id\":\"https:\/\/unionlegal.com\/es\/politica-de-privacitat-i-avis-legal\/\",\"url\":\"https:\/\/unionlegal.com\/es\/politica-de-privacitat-i-avis-legal\/\",\"name\":\"Pol\u00edtica de Privacitat i Av\u00eds Legal - Union Legal\",\"isPartOf\":{\"@id\":\"https:\/\/unionlegal.com\/es\/#website\"},\"datePublished\":\"2023-08-29T10:55:46+00:00\",\"dateModified\":\"2024-04-08T11:30:03+00:00\",\"breadcrumb\":{\"@id\":\"https:\/\/unionlegal.com\/es\/politica-de-privacitat-i-avis-legal\/#breadcrumb\"},\"inLanguage\":\"es\",\"potentialAction\":[{\"@type\":\"ReadAction\",\"target\":[\"https:\/\/unionlegal.com\/es\/politica-de-privacitat-i-avis-legal\/\"]}]},{\"@type\":\"BreadcrumbList\",\"@id\":\"https:\/\/unionlegal.com\/es\/politica-de-privacitat-i-avis-legal\/#breadcrumb\",\"itemListElement\":[{\"@type\":\"ListItem\",\"position\":1,\"name\":\"Inici\",\"item\":\"https:\/\/unionlegal.com\/es\/\"},{\"@type\":\"ListItem\",\"position\":2,\"name\":\"Pol\u00edtica de Privacitat i Av\u00eds Legal\"}]},{\"@type\":\"WebSite\",\"@id\":\"https:\/\/unionlegal.com\/es\/#website\",\"url\":\"https:\/\/unionlegal.com\/es\/\",\"name\":\"Union Legal\",\"description\":\"Abogados y Economistas\",\"potentialAction\":[{\"@type\":\"SearchAction\",\"target\":{\"@type\":\"EntryPoint\",\"urlTemplate\":\"https:\/\/unionlegal.com\/es\/?s={search_term_string}\"},\"query-input\":\"required name=search_term_string\"}],\"inLanguage\":\"es\"}]}<\/script>\n<!-- \/ Yoast SEO plugin. -->","yoast_head_json":{"title":"Pol\u00edtica de Privacitat i Av\u00eds Legal - Union Legal","robots":{"index":"index","follow":"follow","max-snippet":"max-snippet:-1","max-image-preview":"max-image-preview:large","max-video-preview":"max-video-preview:-1"},"canonical":"https:\/\/unionlegal.com\/es\/politica-de-privacitat-i-avis-legal\/","og_locale":"es_ES","og_type":"article","og_title":"Pol\u00edtica de Privacitat i Av\u00eds Legal - Union Legal","og_description":"[vc_row type=\u00bbfull_width_background\u00bb full_screen_row_position=\u00bbmiddle\u00bb column_margin=\u00bbdefault\u00bb column_direction=\u00bbdefault\u00bb column_direction_tablet=\u00bbdefault\u00bb column_direction_phone=\u00bbdefault\u00bb bg_image=\u00bb246&#8243; bg_position=\u00bbcenter center\u00bb background_image_loading=\u00bbdefault\u00bb bg_repeat=\u00bbno-repeat\u00bb scene_position=\u00bbcenter\u00bb text_color=\u00bbdark\u00bb text_align=\u00bbleft\u00bb row_border_radius=\u00bbnone\u00bb row_border_radius_applies=\u00bbbg\u00bb overflow=\u00bbvisible\u00bb overlay_strength=\u00bb0.3&#8243; gradient_direction=\u00bbleft_to_right\u00bb shape_divider_position=\u00bbbottom\u00bb bg_image_animation=\u00bbzoom-out\u00bb gradient_type=\u00bbdefault\u00bb shape_type=\u00bb\u00bb][vc_column column_padding=\u00bbno-extra-padding\u00bb column_padding_tablet=\u00bbinherit\u00bb column_padding_phone=\u00bbinherit\u00bb column_padding_position=\u00bball\u00bb top_margin=\u00bb180&#8243; bottom_margin=\u00bb120&#8243;...","og_url":"https:\/\/unionlegal.com\/es\/politica-de-privacitat-i-avis-legal\/","og_site_name":"Union Legal","article_modified_time":"2024-04-08T11:30:03+00:00","twitter_card":"summary_large_image","twitter_misc":{"Tiempo de lectura":"18 minutos"},"schema":{"@context":"https:\/\/schema.org","@graph":[{"@type":"WebPage","@id":"https:\/\/unionlegal.com\/es\/politica-de-privacitat-i-avis-legal\/","url":"https:\/\/unionlegal.com\/es\/politica-de-privacitat-i-avis-legal\/","name":"Pol\u00edtica de Privacitat i Av\u00eds Legal - Union Legal","isPartOf":{"@id":"https:\/\/unionlegal.com\/es\/#website"},"datePublished":"2023-08-29T10:55:46+00:00","dateModified":"2024-04-08T11:30:03+00:00","breadcrumb":{"@id":"https:\/\/unionlegal.com\/es\/politica-de-privacitat-i-avis-legal\/#breadcrumb"},"inLanguage":"es","potentialAction":[{"@type":"ReadAction","target":["https:\/\/unionlegal.com\/es\/politica-de-privacitat-i-avis-legal\/"]}]},{"@type":"BreadcrumbList","@id":"https:\/\/unionlegal.com\/es\/politica-de-privacitat-i-avis-legal\/#breadcrumb","itemListElement":[{"@type":"ListItem","position":1,"name":"Inici","item":"https:\/\/unionlegal.com\/es\/"},{"@type":"ListItem","position":2,"name":"Pol\u00edtica de Privacitat i Av\u00eds Legal"}]},{"@type":"WebSite","@id":"https:\/\/unionlegal.com\/es\/#website","url":"https:\/\/unionlegal.com\/es\/","name":"Union Legal","description":"Abogados y Economistas","potentialAction":[{"@type":"SearchAction","target":{"@type":"EntryPoint","urlTemplate":"https:\/\/unionlegal.com\/es\/?s={search_term_string}"},"query-input":"required name=search_term_string"}],"inLanguage":"es"}]}},"_links":{"self":[{"href":"https:\/\/unionlegal.com\/es\/wp-json\/wp\/v2\/pages\/1513","targetHints":{"allow":["GET"]}}],"collection":[{"href":"https:\/\/unionlegal.com\/es\/wp-json\/wp\/v2\/pages"}],"about":[{"href":"https:\/\/unionlegal.com\/es\/wp-json\/wp\/v2\/types\/page"}],"author":[{"embeddable":true,"href":"https:\/\/unionlegal.com\/es\/wp-json\/wp\/v2\/users\/1"}],"replies":[{"embeddable":true,"href":"https:\/\/unionlegal.com\/es\/wp-json\/wp\/v2\/comments?post=1513"}],"version-history":[{"count":3,"href":"https:\/\/unionlegal.com\/es\/wp-json\/wp\/v2\/pages\/1513\/revisions"}],"predecessor-version":[{"id":1684,"href":"https:\/\/unionlegal.com\/es\/wp-json\/wp\/v2\/pages\/1513\/revisions\/1684"}],"wp:attachment":[{"href":"https:\/\/unionlegal.com\/es\/wp-json\/wp\/v2\/media?parent=1513"}],"curies":[{"name":"wp","href":"https:\/\/api.w.org\/{rel}","templated":true}]}}