{"id":1136,"date":"2023-08-29T10:54:46","date_gmt":"2023-08-29T10:54:46","guid":{"rendered":"https:\/\/bake250.isdeveloping.com\/unionlegal\/membres\/"},"modified":"2026-01-09T09:11:28","modified_gmt":"2026-01-09T09:11:28","slug":"membres","status":"publish","type":"page","link":"https:\/\/unionlegal.com\/es\/membres\/","title":{"rendered":"Miembros"},"content":{"rendered":"[vc_row type=\u00bbfull_width_background\u00bb full_screen_row_position=\u00bbmiddle\u00bb column_margin=\u00bbdefault\u00bb column_direction=\u00bbdefault\u00bb column_direction_tablet=\u00bbdefault\u00bb column_direction_phone=\u00bbdefault\u00bb bg_color=\u00bb#f3f0ed\u00bb bg_image=\u00bb247&#8243; bg_position=\u00bbcenter center\u00bb background_image_loading=\u00bbdefault\u00bb bg_repeat=\u00bbno-repeat\u00bb scene_position=\u00bbcenter\u00bb text_color=\u00bbdark\u00bb text_align=\u00bbleft\u00bb row_border_radius=\u00bbnone\u00bb row_border_radius_applies=\u00bbbg\u00bb overflow=\u00bbvisible\u00bb overlay_strength=\u00bb0.3&#8243; gradient_direction=\u00bbleft_to_right\u00bb shape_divider_position=\u00bbbottom\u00bb bg_image_animation=\u00bbzoom-out\u00bb gradient_type=\u00bbdefault\u00bb shape_type=\u00bb\u00bb][vc_column column_padding=\u00bbno-extra-padding\u00bb column_padding_tablet=\u00bbinherit\u00bb column_padding_phone=\u00bbinherit\u00bb column_padding_position=\u00bball\u00bb top_margin=\u00bb180&#8243; bottom_margin=\u00bb100&#8243; top_margin_tablet=\u00bb80&#8243; bottom_margin_tablet=\u00bb80&#8243; top_margin_phone=\u00bb80&#8243; bottom_margin_phone=\u00bb80&#8243; column_element_direction_desktop=\u00bbdefault\u00bb column_element_spacing=\u00bbdefault\u00bb centered_text=\u00bbtrue\u00bb desktop_text_alignment=\u00bbdefault\u00bb tablet_text_alignment=\u00bbdefault\u00bb phone_text_alignment=\u00bbdefault\u00bb background_color_opacity=\u00bb1&#8243; background_hover_color_opacity=\u00bb1&#8243; column_backdrop_filter=\u00bbnone\u00bb column_shadow=\u00bbnone\u00bb column_border_radius=\u00bbnone\u00bb column_link_target=\u00bb_self\u00bb column_position=\u00bbdefault\u00bb gradient_direction=\u00bbleft_to_right\u00bb overlay_strength=\u00bb0.3&#8243; width=\u00bb1\/1&#8243; tablet_width_inherit=\u00bbdefault\u00bb animation_type=\u00bbdefault\u00bb bg_image_animation=\u00bbnone\u00bb border_type=\u00bbsimple\u00bb column_border_width=\u00bbnone\u00bb column_border_style=\u00bbsolid\u00bb column_padding_type=\u00bbdefault\u00bb gradient_type=\u00bbdefault\u00bb][split_line_heading animation_type=\u00bbline-reveal-by-space\u00bb font_style=\u00bbh1&#8243; text_color=\u00bb#9b223c\u00bb line_reveal_by_space_text_effect=\u00bbdefault\u00bb stagger_animation=\u00bbtrue\u00bb content_alignment=\u00bbdefault\u00bb mobile_content_alignment=\u00bbinherit\u00bb link_target=\u00bb_self\u00bb text_content=\u00bbMiembros\u00bb font_size=\u00bb60px\u00bb font_line_height=\u00bb1.2&#8243;][\/split_line_heading][\/vc_column][\/vc_row][vc_row type=\u00bbfull_width_background\u00bb full_screen_row_position=\u00bbmiddle\u00bb column_margin=\u00bbdefault\u00bb column_direction=\u00bbdefault\u00bb column_direction_tablet=\u00bbdefault\u00bb column_direction_phone=\u00bbdefault\u00bb scene_position=\u00bbcenter\u00bb top_padding=\u00bb100&#8243; constrain_group_1=\u00bbyes\u00bb bottom_padding=\u00bb100&#8243; constrain_group_2=\u00bbyes\u00bb top_padding_tablet=\u00bb50&#8243; constrain_group_3=\u00bbyes\u00bb bottom_padding_tablet=\u00bb50&#8243; top_padding_phone=\u00bb50&#8243; constrain_group_5=\u00bbyes\u00bb bottom_padding_phone=\u00bb50&#8243; text_color=\u00bbdark\u00bb text_align=\u00bbleft\u00bb row_border_radius=\u00bbnone\u00bb row_border_radius_applies=\u00bbbg\u00bb overflow=\u00bbvisible\u00bb advanced_gradient_angle=\u00bb0&#8243; overlay_strength=\u00bb0.3&#8243; gradient_direction=\u00bbleft_to_right\u00bb shape_divider_position=\u00bbbottom\u00bb bg_image_animation=\u00bbnone\u00bb gradient_type=\u00bbdefault\u00bb shape_type=\u00bb\u00bb][vc_column column_padding=\u00bbno-extra-padding\u00bb column_padding_tablet=\u00bbinherit\u00bb column_padding_phone=\u00bbinherit\u00bb column_padding_position=\u00bball\u00bb column_element_direction_desktop=\u00bbdefault\u00bb column_element_spacing=\u00bbdefault\u00bb desktop_text_alignment=\u00bbdefault\u00bb tablet_text_alignment=\u00bbdefault\u00bb phone_text_alignment=\u00bbdefault\u00bb sticky_content=\u00bbtrue\u00bb sticky_content_functionality=\u00bbcss\u00bb sticky_content_alignment=\u00bbdefault\u00bb background_color_opacity=\u00bb1&#8243; background_hover_color_opacity=\u00bb1&#8243; column_backdrop_filter=\u00bbnone\u00bb column_shadow=\u00bbnone\u00bb column_border_radius=\u00bbnone\u00bb column_link_target=\u00bb_self\u00bb column_position=\u00bbdefault\u00bb advanced_gradient_angle=\u00bb0&#8243; gradient_direction=\u00bbleft_to_right\u00bb overlay_strength=\u00bb0.3&#8243; width=\u00bb1\/3&#8243; tablet_width_inherit=\u00bbdefault\u00bb animation_type=\u00bbdefault\u00bb enable_animation=\u00bbtrue\u00bb animation=\u00bbfade-in-from-bottom\u00bb animation_easing=\u00bbdefault\u00bb bg_image_animation=\u00bbnone\u00bb border_type=\u00bbsimple\u00bb column_border_width=\u00bbnone\u00bb column_border_style=\u00bbsolid\u00bb gradient_type=\u00bbdefault\u00bb][split_line_heading animation_type=\u00bbline-reveal-by-space\u00bb font_style=\u00bbh2&#8243; text_color=\u00bb#9b223c\u00bb line_reveal_by_space_text_effect=\u00bbnone\u00bb content_alignment=\u00bbdefault\u00bb mobile_content_alignment=\u00bbinherit\u00bb link_target=\u00bb_self\u00bb text_content=\u00bbConoce nuestro equipo\u00bb][\/split_line_heading][vc_row_inner column_margin=\u00bbdefault\u00bb column_direction=\u00bbdefault\u00bb column_direction_tablet=\u00bbdefault\u00bb column_direction_phone=\u00bbdefault\u00bb left_padding_desktop=\u00bb8%\u00bb constrain_group_2=\u00bbyes\u00bb right_padding_desktop=\u00bb8%\u00bb left_padding_phone=\u00bb0&#8243; constrain_group_6=\u00bbyes\u00bb right_padding_phone=\u00bb0&#8243; text_align=\u00bbleft\u00bb row_position=\u00bbdefault\u00bb row_position_tablet=\u00bbinherit\u00bb row_position_phone=\u00bbinherit\u00bb overflow=\u00bbvisible\u00bb pointer_events=\u00bball\u00bb][vc_column_inner column_padding=\u00bbno-extra-padding\u00bb column_padding_tablet=\u00bbinherit\u00bb column_padding_phone=\u00bbinherit\u00bb column_padding_position=\u00bball\u00bb column_element_direction_desktop=\u00bbdefault\u00bb column_element_spacing=\u00bbdefault\u00bb desktop_text_alignment=\u00bbdefault\u00bb tablet_text_alignment=\u00bbdefault\u00bb phone_text_alignment=\u00bbdefault\u00bb background_color_opacity=\u00bb1&#8243; background_hover_color_opacity=\u00bb1&#8243; column_backdrop_filter=\u00bbnone\u00bb column_shadow=\u00bbnone\u00bb column_border_radius=\u00bbnone\u00bb column_link_target=\u00bb_self\u00bb overflow=\u00bbvisible\u00bb advanced_gradient_angle=\u00bb0&#8243; gradient_direction=\u00bbleft_to_right\u00bb overlay_strength=\u00bb0.3&#8243; width=\u00bb1\/1&#8243; tablet_width_inherit=\u00bbdefault\u00bb animation_type=\u00bbdefault\u00bb bg_image_animation=\u00bbnone\u00bb border_type=\u00bbsimple\u00bb column_border_width=\u00bbnone\u00bb column_border_style=\u00bbsolid\u00bb gradient_type=\u00bbdefault\u00bb][divider line_type=\u00bbVertical Line\u00bb divider_color=\u00bbaccent-color\u00bb custom_height=\u00bb35&#8243;][\/vc_column_inner][\/vc_row_inner][carousel script=\u00bbflickity\u00bb flickity_formatting=\u00bbdefault\u00bb desktop_cols_flickity=\u00bb1&#8243; desktop_small_cols_flickity=\u00bb1&#8243; tablet_cols_flickity=\u00bb1&#8243; phone_cols_flickity=\u00bb1&#8243; flickity_controls=\u00bbdefault\u00bb color=\u00bbdefault\u00bb flickity_overflow=\u00bbhidden\u00bb flickity_wrap_around=\u00bbwrap\u00bb pagination_alignment_flickity=\u00bbdefault\u00bb flickity_spacing=\u00bbdefault\u00bb flickity_column_vertical_alignment=\u00bbdefault\u00bb column_padding=\u00bb0&#8243; flickity_element_spacing=\u00bbdefault\u00bb border_radius=\u00bbnone\u00bb][item simple_slider_bg_image_position=\u00bbdefault\u00bb simple_slider_overlay_strength=\u00bb0.3&#8243; simple_slider_bg_image_loading=\u00bbdefault\u00bb id=\u00bb1767949814225-4&#8243; tab_id=\u00bb1767949814226-8&#8243; title=\u00bbItem\u00bb][vc_column_text]\n<h3 style=\"color: #9b223c;\">Testimoni<\/h3>\n[\/vc_column_text][nectar_single_testimonial testimonial_style=\u00bbbasic\u00bb quote=\u00bbContrat\u00e9 a Union Legal para constituir mi startup y fue un acierto total. Desde el primer d\u00eda el trato fue impecable. Destaco su capacidad para anticipar riesgos y oportunidades. Dos a\u00f1os despu\u00e9s, siguen siendo mi asesor\u00eda de referencia: profesionales, cercanos y totalmente confiables.\u00bb name=\u00bbCarla M\u00e9ndez\u00bb][\/item][item simple_slider_bg_image_position=\u00bbdefault\u00bb simple_slider_overlay_strength=\u00bb0.3&#8243; simple_slider_bg_image_loading=\u00bbdefault\u00bb id=\u00bb1767949814241-7&#8243; tab_id=\u00bb1767949814241-3&#8243; title=\u00bbItem\u00bb][vc_column_text]\n<h3 style=\"color: #9b223c;\">Testimoni<\/h3>\n[\/vc_column_text][nectar_single_testimonial testimonial_style=\u00bbbasic\u00bb quote=\u00bbNecesitaba revisar con urgencia varios contratos de distribuci\u00f3n internacional. Contact\u00e9 con Union Legal y resolvieron todas mis dudas en tiempo r\u00e9cord. El equipo de \u00d3scar fue claro, preciso y muy resolutivo. Eficacia total. Totalmente recomendables.\u00bb name=\u00bbAndr\u00e9s Vidal\u00bb][\/item][item simple_slider_bg_image_position=\u00bbdefault\u00bb simple_slider_overlay_strength=\u00bb0.3&#8243; simple_slider_bg_image_loading=\u00bbdefault\u00bb id=\u00bb1767949814251-10&#8243; tab_id=\u00bb1767949814251-6&#8243; title=\u00bbItem\u00bb][vc_column_text]\n<h3 style=\"color: #9b223c;\">Testimoni<\/h3>\n[\/vc_column_text][nectar_single_testimonial testimonial_style=\u00bbbasic\u00bb quote=\u00bbLlegu\u00e9 a Union Legal tras una mala experiencia previa. Llevo m\u00e1s de un a\u00f1o con su asesor\u00eda fiscal continua y el servicio es excelente. Me mantienen informada, optimizan mis impuestos y su portal del cliente es muy pr\u00e1ctico. Un partner legal imprescindible para cualquier pyme.\u00bb name=\u00bbPatricia Gil\u00bb][\/item][\/carousel][\/vc_column][vc_column column_padding=\u00bbpadding-6-percent\u00bb column_padding_tablet=\u00bbno-extra-padding\u00bb column_padding_phone=\u00bbno-extra-padding\u00bb column_padding_position=\u00bbleft\u00bb column_element_direction_desktop=\u00bbdefault\u00bb column_element_spacing=\u00bb0px\u00bb desktop_text_alignment=\u00bbdefault\u00bb tablet_text_alignment=\u00bbdefault\u00bb phone_text_alignment=\u00bbdefault\u00bb background_color_opacity=\u00bb1&#8243; background_hover_color_opacity=\u00bb1&#8243; column_backdrop_filter=\u00bbnone\u00bb column_shadow=\u00bbnone\u00bb column_border_radius=\u00bbnone\u00bb column_link_target=\u00bb_self\u00bb column_position=\u00bbdefault\u00bb advanced_gradient_angle=\u00bb0&#8243; gradient_direction=\u00bbleft_to_right\u00bb overlay_strength=\u00bb0.3&#8243; width=\u00bb2\/3&#8243; tablet_width_inherit=\u00bbdefault\u00bb animation_type=\u00bbdefault\u00bb bg_image_animation=\u00bbnone\u00bb border_type=\u00bbsimple\u00bb column_border_width=\u00bbnone\u00bb column_border_style=\u00bbsolid\u00bb gradient_type=\u00bbdefault\u00bb][vc_row_inner column_margin=\u00bb30px\u00bb column_direction=\u00bbdefault\u00bb column_direction_tablet=\u00bbdefault\u00bb column_direction_phone=\u00bbdefault\u00bb text_align=\u00bbleft\u00bb row_position=\u00bbdefault\u00bb row_position_tablet=\u00bbinherit\u00bb row_position_phone=\u00bbinherit\u00bb overflow=\u00bbvisible\u00bb pointer_events=\u00bball\u00bb css=\u00bb.vc_custom_1634415872169{margin-bottom: 0px !important;}\u00bb][vc_column_inner column_padding=\u00bbno-extra-padding\u00bb column_padding_tablet=\u00bbinherit\u00bb column_padding_phone=\u00bbinherit\u00bb column_padding_position=\u00bball\u00bb column_element_direction_desktop=\u00bbdefault\u00bb column_element_spacing=\u00bbdefault\u00bb desktop_text_alignment=\u00bbdefault\u00bb tablet_text_alignment=\u00bbdefault\u00bb phone_text_alignment=\u00bbdefault\u00bb background_color_opacity=\u00bb1&#8243; background_hover_color_opacity=\u00bb1&#8243; column_backdrop_filter=\u00bbnone\u00bb column_shadow=\u00bbnone\u00bb column_border_radius=\u00bbnone\u00bb column_link_target=\u00bb_self\u00bb overflow=\u00bbvisible\u00bb advanced_gradient_angle=\u00bb0&#8243; gradient_direction=\u00bbleft_to_right\u00bb overlay_strength=\u00bb0.3&#8243; width=\u00bb1\/3&#8243; tablet_width_inherit=\u00bbsmall_desktop\u00bb animation_type=\u00bbdefault\u00bb enable_animation=\u00bbtrue\u00bb animation=\u00bbfade-in-from-bottom\u00bb animation_easing=\u00bbdefault\u00bb bg_image_animation=\u00bbnone\u00bb border_type=\u00bbsimple\u00bb column_border_width=\u00bbnone\u00bb column_border_style=\u00bbsolid\u00bb gradient_type=\u00bbdefault\u00bb column_padding_type=\u00bbdefault\u00bb][image_with_animation image_url=\u00bb1598&#8243; image_size=\u00bbfull\u00bb animation_type=\u00bbentrance\u00bb animation=\u00bbNone\u00bb animation_movement_type=\u00bbtransform_y\u00bb hover_animation=\u00bbzoom\u00bb alignment=\u00bb\u00bb border_radius=\u00bbnone\u00bb box_shadow=\u00bbnone\u00bb image_loading=\u00bbdefault\u00bb max_width=\u00bb100%\u00bb max_width_mobile=\u00bbdefault\u00bb][divider line_type=\u00bbNo Line\u00bb custom_height=\u00bb20&#8243;][vc_column_text]Oscar Folchi Riera[\/vc_column_text][vc_column_text css=\u00bb.vc_custom_1708081700685{margin-top: -20px !important;}\u00bb]\n<h3 style=\"color: #9b223c;\">Abogado<\/h3>\n[\/vc_column_text][vc_column_text css=\u00bb.vc_custom_1712246010179{margin-top: -10px !important;}\u00bb el_class=\u00bbresum-team\u00bb]Licenciado en Derecho por la Universidad Abat Oliva \u2013 CEU. A\u00f1o 2003 y miembro del Ilustre Colegio de Abogados de Barcelona, n\u00fam. Col. 29141.<\/p>\n<p>\u00c1reas: Mercantil y societario; procesal; concursal; penal; inmobiliario, construcci\u00f3n y urbanismo; consultor\u00eda econ\u00f3mica y financiera; juego online.[\/vc_column_text][\/vc_column_inner][vc_column_inner column_padding=\u00bbno-extra-padding\u00bb column_padding_tablet=\u00bbinherit\u00bb column_padding_phone=\u00bbinherit\u00bb column_padding_position=\u00bball\u00bb column_element_direction_desktop=\u00bbdefault\u00bb column_element_spacing=\u00bbdefault\u00bb desktop_text_alignment=\u00bbdefault\u00bb tablet_text_alignment=\u00bbdefault\u00bb phone_text_alignment=\u00bbdefault\u00bb background_color_opacity=\u00bb1&#8243; background_hover_color_opacity=\u00bb1&#8243; column_backdrop_filter=\u00bbnone\u00bb column_shadow=\u00bbnone\u00bb column_border_radius=\u00bbnone\u00bb column_link_target=\u00bb_self\u00bb overflow=\u00bbvisible\u00bb advanced_gradient_angle=\u00bb0&#8243; gradient_direction=\u00bbleft_to_right\u00bb overlay_strength=\u00bb0.3&#8243; width=\u00bb1\/3&#8243; tablet_width_inherit=\u00bbsmall_desktop\u00bb animation_type=\u00bbdefault\u00bb enable_animation=\u00bbtrue\u00bb animation=\u00bbfade-in-from-bottom\u00bb animation_easing=\u00bbdefault\u00bb bg_image_animation=\u00bbnone\u00bb border_type=\u00bbsimple\u00bb column_border_width=\u00bbnone\u00bb column_border_style=\u00bbsolid\u00bb gradient_type=\u00bbdefault\u00bb column_padding_type=\u00bbdefault\u00bb delay=\u00bb300&#8243;][image_with_animation image_url=\u00bb1573&#8243; image_size=\u00bbfull\u00bb animation_type=\u00bbentrance\u00bb animation=\u00bbNone\u00bb animation_movement_type=\u00bbtransform_y\u00bb hover_animation=\u00bbzoom\u00bb alignment=\u00bb\u00bb border_radius=\u00bbnone\u00bb box_shadow=\u00bbnone\u00bb image_loading=\u00bbdefault\u00bb max_width=\u00bb100%\u00bb max_width_mobile=\u00bbdefault\u00bb][divider line_type=\u00bbNo Line\u00bb custom_height=\u00bb20&#8243;][vc_column_text]Susanna Blasco i Esteller[\/vc_column_text][vc_column_text css=\u00bb.vc_custom_1699624908673{margin-top: -20px !important;}\u00bb]\n<h3 style=\"color: #9b223c;\">Economista<\/h3>\n[\/vc_column_text][vc_column_text css=\u00bb.vc_custom_1712246022763{margin-top: -10px !important;}\u00bb el_class=\u00bbresum-team\u00bb]Licenciada en Administraci\u00f3n y Direcci\u00f3n de Empresas por la UOC y diplomada en Ciencias Empresariales por la Universitat de Barcelona, en la especialidad de Tributaci\u00f3n. Miembro del Ilustre Col\u00b7legi d\u2019Economistes de Catalunya, n\u00fam. Col. 11473.<\/p>\n<p>\u00c1reas: Tributario-fiscal y contable.[\/vc_column_text][\/vc_column_inner][vc_column_inner column_padding=\u00bbno-extra-padding\u00bb column_padding_tablet=\u00bbinherit\u00bb column_padding_phone=\u00bbinherit\u00bb column_padding_position=\u00bball\u00bb column_element_direction_desktop=\u00bbdefault\u00bb column_element_spacing=\u00bbdefault\u00bb desktop_text_alignment=\u00bbdefault\u00bb tablet_text_alignment=\u00bbdefault\u00bb phone_text_alignment=\u00bbdefault\u00bb background_color_opacity=\u00bb1&#8243; background_hover_color_opacity=\u00bb1&#8243; column_backdrop_filter=\u00bbnone\u00bb column_shadow=\u00bbnone\u00bb column_border_radius=\u00bbnone\u00bb column_link_target=\u00bb_self\u00bb overflow=\u00bbvisible\u00bb advanced_gradient_angle=\u00bb0&#8243; gradient_direction=\u00bbleft_to_right\u00bb overlay_strength=\u00bb0.3&#8243; width=\u00bb1\/3&#8243; tablet_width_inherit=\u00bbsmall_desktop\u00bb animation_type=\u00bbdefault\u00bb enable_animation=\u00bbtrue\u00bb animation=\u00bbfade-in-from-bottom\u00bb animation_easing=\u00bbdefault\u00bb bg_image_animation=\u00bbnone\u00bb border_type=\u00bbsimple\u00bb column_border_width=\u00bbnone\u00bb column_border_style=\u00bbsolid\u00bb gradient_type=\u00bbdefault\u00bb column_padding_type=\u00bbdefault\u00bb delay=\u00bb600&#8243;][image_with_animation image_url=\u00bb1557&#8243; image_size=\u00bbfull\u00bb animation_type=\u00bbentrance\u00bb animation=\u00bbNone\u00bb animation_movement_type=\u00bbtransform_y\u00bb hover_animation=\u00bbzoom\u00bb alignment=\u00bb\u00bb border_radius=\u00bbnone\u00bb box_shadow=\u00bbnone\u00bb image_loading=\u00bbdefault\u00bb max_width=\u00bb100%\u00bb max_width_mobile=\u00bbdefault\u00bb][divider line_type=\u00bbNo Line\u00bb custom_height=\u00bb20&#8243;][vc_column_text]Beatriz Gonz\u00e1lez Trib\u00f3[\/vc_column_text][vc_column_text css=\u00bb.vc_custom_1708081709684{margin-top: -20px !important;}\u00bb]\n<h3 style=\"color: #9b223c;\">Abogada<\/h3>\n[\/vc_column_text][vc_column_text css=\u00bb.vc_custom_1712246032831{margin-top: -10px !important;}\u00bb el_class=\u00bbresum-team\u00bb]Licenciada en Derecho y m\u00e1ster en Pr\u00e1ctica Jur\u00eddica y Procedimiento. Miembro del Ilustre Colegio de Abogados de Barcelona, n\u00fam. Col. 27190.<\/p>\n<p>\u00c1reas: Derecho Societario y Contrataci\u00f3n mercantil, Derecho Civil \u00e1rea de la Construcci\u00f3n, registral inmobiliario y Contratos. Derecho Sucesorio.[\/vc_column_text][\/vc_column_inner][\/vc_row_inner][divider line_type=\u00bbNo Line\u00bb custom_height=\u00bb70&#8243;][vc_row_inner column_margin=\u00bb30px\u00bb column_direction=\u00bbdefault\u00bb column_direction_tablet=\u00bbdefault\u00bb column_direction_phone=\u00bbdefault\u00bb text_align=\u00bbleft\u00bb row_position=\u00bbdefault\u00bb row_position_tablet=\u00bbinherit\u00bb row_position_phone=\u00bbinherit\u00bb overflow=\u00bbvisible\u00bb pointer_events=\u00bball\u00bb css=\u00bb.vc_custom_1634415872169{margin-bottom: 0px !important;}\u00bb][vc_column_inner column_padding=\u00bbno-extra-padding\u00bb column_padding_tablet=\u00bbinherit\u00bb column_padding_phone=\u00bbinherit\u00bb column_padding_position=\u00bball\u00bb column_element_direction_desktop=\u00bbdefault\u00bb column_element_spacing=\u00bbdefault\u00bb desktop_text_alignment=\u00bbdefault\u00bb tablet_text_alignment=\u00bbdefault\u00bb phone_text_alignment=\u00bbdefault\u00bb background_color_opacity=\u00bb1&#8243; background_hover_color_opacity=\u00bb1&#8243; column_backdrop_filter=\u00bbnone\u00bb column_shadow=\u00bbnone\u00bb column_border_radius=\u00bbnone\u00bb column_link_target=\u00bb_self\u00bb overflow=\u00bbvisible\u00bb advanced_gradient_angle=\u00bb0&#8243; gradient_direction=\u00bbleft_to_right\u00bb overlay_strength=\u00bb0.3&#8243; width=\u00bb1\/3&#8243; tablet_width_inherit=\u00bbsmall_desktop\u00bb animation_type=\u00bbdefault\u00bb enable_animation=\u00bbtrue\u00bb animation=\u00bbfade-in-from-bottom\u00bb animation_easing=\u00bbdefault\u00bb bg_image_animation=\u00bbnone\u00bb border_type=\u00bbsimple\u00bb column_border_width=\u00bbnone\u00bb column_border_style=\u00bbsolid\u00bb gradient_type=\u00bbdefault\u00bb column_padding_type=\u00bbdefault\u00bb][image_with_animation image_url=\u00bb1585&#8243; image_size=\u00bbfull\u00bb animation_type=\u00bbentrance\u00bb animation=\u00bbNone\u00bb animation_movement_type=\u00bbtransform_y\u00bb hover_animation=\u00bbnone\u00bb alignment=\u00bb\u00bb border_radius=\u00bbnone\u00bb box_shadow=\u00bbnone\u00bb image_loading=\u00bbdefault\u00bb max_width=\u00bb100%\u00bb max_width_mobile=\u00bbdefault\u00bb][divider line_type=\u00bbNo Line\u00bb custom_height=\u00bb20&#8243;][vc_column_text]Alisa Likhacheva[\/vc_column_text][vc_column_text css=\u00bb.vc_custom_1708081732359{margin-top: -20px !important;}\u00bb]\n<h3 style=\"color: #9b223c;\">Abogada<\/h3>\n[\/vc_column_text][vc_column_text css=\u00bb.vc_custom_1712246074110{margin-top: -10px !important;}\u00bb el_class=\u00bbresum-team\u00bb]Licencia en Derecho por la Universidad Pompeu Fabra. A\u00f1o 2018 y m\u00e1ster Universitario en Acceso a la Abogac\u00eda por la Universidad de Barcelona. A\u00f1o 2020. Miembro del Ilustre Colegio de Abogados de Barcelona, n\u00fam. Col. 45520.<\/p>\n<p>\u00c1reas: Mercantil y societario; civil; inmobiliario, extranjer\u00eda, derecho internacional privado. Especializada en la asesor\u00eda a empresas y particulares en el \u00e1mbito del Derecho civil y administrativo.[\/vc_column_text][\/vc_column_inner][vc_column_inner column_padding=\u00bbno-extra-padding\u00bb column_padding_tablet=\u00bbinherit\u00bb column_padding_phone=\u00bbinherit\u00bb column_padding_position=\u00bball\u00bb column_element_direction_desktop=\u00bbdefault\u00bb column_element_spacing=\u00bbdefault\u00bb desktop_text_alignment=\u00bbdefault\u00bb tablet_text_alignment=\u00bbdefault\u00bb phone_text_alignment=\u00bbdefault\u00bb background_color_opacity=\u00bb1&#8243; background_hover_color_opacity=\u00bb1&#8243; column_backdrop_filter=\u00bbnone\u00bb column_shadow=\u00bbnone\u00bb column_border_radius=\u00bbnone\u00bb column_link_target=\u00bb_self\u00bb overflow=\u00bbvisible\u00bb advanced_gradient_angle=\u00bb0&#8243; gradient_direction=\u00bbleft_to_right\u00bb overlay_strength=\u00bb0.3&#8243; width=\u00bb1\/3&#8243; tablet_width_inherit=\u00bbsmall_desktop\u00bb animation_type=\u00bbdefault\u00bb enable_animation=\u00bbtrue\u00bb animation=\u00bbfade-in-from-bottom\u00bb animation_easing=\u00bbdefault\u00bb bg_image_animation=\u00bbnone\u00bb border_type=\u00bbsimple\u00bb column_border_width=\u00bbnone\u00bb column_border_style=\u00bbsolid\u00bb gradient_type=\u00bbdefault\u00bb column_padding_type=\u00bbdefault\u00bb delay=\u00bb300&#8243;][image_with_animation image_url=\u00bb1696&#8243; image_size=\u00bbfull\u00bb animation_type=\u00bbentrance\u00bb animation=\u00bbNone\u00bb animation_movement_type=\u00bbtransform_y\u00bb hover_animation=\u00bbnone\u00bb alignment=\u00bb\u00bb border_radius=\u00bbnone\u00bb box_shadow=\u00bbnone\u00bb image_loading=\u00bbdefault\u00bb max_width=\u00bb100%\u00bb max_width_mobile=\u00bbdefault\u00bb][divider line_type=\u00bbNo Line\u00bb custom_height=\u00bb20&#8243;][vc_column_text]Carmen Batlle Pifarr\u00e9[\/vc_column_text][vc_column_text css=\u00bb.vc_custom_1707737336342{margin-top: -20px !important;}\u00bb]\n<h3 style=\"color: #9b223c;\">Graduada Social<\/h3>\n[\/vc_column_text][vc_column_text css=\u00bb.vc_custom_1712246120285{margin-top: -10px !important;}\u00bb el_class=\u00bbresum-team\u00bb]Especialista en Derecho Laboral y Seguridad Social.[\/vc_column_text][\/vc_column_inner][vc_column_inner column_padding=\u00bbno-extra-padding\u00bb column_padding_tablet=\u00bbinherit\u00bb column_padding_phone=\u00bbinherit\u00bb column_padding_position=\u00bball\u00bb column_element_direction_desktop=\u00bbdefault\u00bb column_element_spacing=\u00bbdefault\u00bb desktop_text_alignment=\u00bbdefault\u00bb tablet_text_alignment=\u00bbdefault\u00bb phone_text_alignment=\u00bbdefault\u00bb background_color_opacity=\u00bb1&#8243; background_hover_color_opacity=\u00bb1&#8243; column_backdrop_filter=\u00bbnone\u00bb column_shadow=\u00bbnone\u00bb column_border_radius=\u00bbnone\u00bb column_link_target=\u00bb_self\u00bb overflow=\u00bbvisible\u00bb gradient_direction=\u00bbleft_to_right\u00bb overlay_strength=\u00bb0.3&#8243; width=\u00bb1\/3&#8243; tablet_width_inherit=\u00bbdefault\u00bb animation_type=\u00bbdefault\u00bb enable_animation=\u00bbtrue\u00bb animation=\u00bbfade-in-from-bottom\u00bb animation_easing=\u00bbdefault\u00bb bg_image_animation=\u00bbnone\u00bb border_type=\u00bbsimple\u00bb column_border_width=\u00bbnone\u00bb column_border_style=\u00bbsolid\u00bb column_padding_type=\u00bbdefault\u00bb gradient_type=\u00bbdefault\u00bb delay=\u00bb600&#8243;][image_with_animation image_url=\u00bb1700&#8243; image_size=\u00bbfull\u00bb animation_type=\u00bbentrance\u00bb animation=\u00bbNone\u00bb animation_movement_type=\u00bbtransform_y\u00bb hover_animation=\u00bbnone\u00bb alignment=\u00bb\u00bb border_radius=\u00bbnone\u00bb box_shadow=\u00bbnone\u00bb image_loading=\u00bbdefault\u00bb max_width=\u00bb100%\u00bb max_width_mobile=\u00bbdefault\u00bb][divider line_type=\u00bbNo Line\u00bb custom_height=\u00bb20&#8243;][vc_column_text]Mar\u00eda Jos\u00e9 Exp\u00f3sito i Cuenca[\/vc_column_text][vc_column_text css=\u00bb.vc_custom_1707737499399{margin-top: -20px !important;}\u00bb]\n<h3 style=\"color: #9b223c;\">Economista<\/h3>\n[\/vc_column_text][vc_column_text css=\u00bb.vc_custom_1712574745979{margin-top: -10px !important;}\u00bb el_class=\u00bbresum-team\u00bb]Licenciada en Ciencias Econ\u00f3micas y Diplomada en Ciencias Empresariales por la Universidad de Barcelona.<\/p>\n<p>Miembo del Col.legi d\u2019Economistes de Catalunya. Num. Col 14.257.<\/p>\n<p>\u00c1reas: Fiscal-Contable.[\/vc_column_text][\/vc_column_inner][\/vc_row_inner][divider line_type=\u00bbNo Line\u00bb custom_height=\u00bb70&#8243;][vc_row_inner column_margin=\u00bb30px\u00bb column_direction=\u00bbdefault\u00bb column_direction_tablet=\u00bbdefault\u00bb column_direction_phone=\u00bbdefault\u00bb text_align=\u00bbleft\u00bb row_position=\u00bbdefault\u00bb row_position_tablet=\u00bbinherit\u00bb row_position_phone=\u00bbinherit\u00bb overflow=\u00bbvisible\u00bb pointer_events=\u00bball\u00bb css=\u00bb.vc_custom_1634415872169{margin-bottom: 0px !important;}\u00bb][vc_column_inner column_padding=\u00bbno-extra-padding\u00bb column_padding_tablet=\u00bbinherit\u00bb column_padding_phone=\u00bbinherit\u00bb column_padding_position=\u00bball\u00bb column_element_direction_desktop=\u00bbdefault\u00bb column_element_spacing=\u00bbdefault\u00bb desktop_text_alignment=\u00bbdefault\u00bb tablet_text_alignment=\u00bbdefault\u00bb phone_text_alignment=\u00bbdefault\u00bb background_color_opacity=\u00bb1&#8243; background_hover_color_opacity=\u00bb1&#8243; column_backdrop_filter=\u00bbnone\u00bb column_shadow=\u00bbnone\u00bb column_border_radius=\u00bbnone\u00bb column_link_target=\u00bb_self\u00bb overflow=\u00bbvisible\u00bb advanced_gradient_angle=\u00bb0&#8243; gradient_direction=\u00bbleft_to_right\u00bb overlay_strength=\u00bb0.3&#8243; width=\u00bb1\/3&#8243; tablet_width_inherit=\u00bbsmall_desktop\u00bb animation_type=\u00bbdefault\u00bb enable_animation=\u00bbtrue\u00bb animation=\u00bbfade-in-from-bottom\u00bb animation_easing=\u00bbdefault\u00bb bg_image_animation=\u00bbnone\u00bb border_type=\u00bbsimple\u00bb column_border_width=\u00bbnone\u00bb column_border_style=\u00bbsolid\u00bb gradient_type=\u00bbdefault\u00bb column_padding_type=\u00bbdefault\u00bb][image_with_animation image_url=\u00bb1606&#8243; image_size=\u00bbfull\u00bb animation_type=\u00bbentrance\u00bb animation=\u00bbNone\u00bb animation_movement_type=\u00bbtransform_y\u00bb hover_animation=\u00bbnone\u00bb alignment=\u00bb\u00bb border_radius=\u00bbnone\u00bb box_shadow=\u00bbnone\u00bb image_loading=\u00bbdefault\u00bb max_width=\u00bb100%\u00bb max_width_mobile=\u00bbdefault\u00bb][divider line_type=\u00bbNo Line\u00bb custom_height=\u00bb20&#8243;][vc_column_text]Alejandro Blanco Faraudo[\/vc_column_text][vc_column_text css=\u00bb.vc_custom_1708081718698{margin-top: -20px !important;}\u00bb]\n<h3 style=\"color: #9b223c;\">Abogado<\/h3>\n[\/vc_column_text][vc_column_text css=\u00bb.vc_custom_1712246045116{margin-top: -10px !important;}\u00bb el_class=\u00bbresum-team\u00bb]Licenciado en Derecho por la Universidad de Barcelona en 1988 y miembro del Ilustre Colegio de Abogados de Barcelona, n\u00fam. Col. 15833.<\/p>\n<p>\u00c1reas: Mercantil, Penal, Procesal.[\/vc_column_text][\/vc_column_inner][vc_column_inner column_padding=\u00bbno-extra-padding\u00bb column_padding_tablet=\u00bbinherit\u00bb column_padding_phone=\u00bbinherit\u00bb column_padding_position=\u00bball\u00bb column_element_direction_desktop=\u00bbdefault\u00bb column_element_spacing=\u00bbdefault\u00bb desktop_text_alignment=\u00bbdefault\u00bb tablet_text_alignment=\u00bbdefault\u00bb phone_text_alignment=\u00bbdefault\u00bb background_color_opacity=\u00bb1&#8243; background_hover_color_opacity=\u00bb1&#8243; column_backdrop_filter=\u00bbnone\u00bb column_shadow=\u00bbnone\u00bb column_border_radius=\u00bbnone\u00bb column_link_target=\u00bb_self\u00bb overflow=\u00bbvisible\u00bb advanced_gradient_angle=\u00bb0&#8243; gradient_direction=\u00bbleft_to_right\u00bb overlay_strength=\u00bb0.3&#8243; width=\u00bb1\/3&#8243; tablet_width_inherit=\u00bbsmall_desktop\u00bb animation_type=\u00bbdefault\u00bb enable_animation=\u00bbtrue\u00bb animation=\u00bbfade-in-from-bottom\u00bb animation_easing=\u00bbdefault\u00bb bg_image_animation=\u00bbnone\u00bb border_type=\u00bbsimple\u00bb column_border_width=\u00bbnone\u00bb column_border_style=\u00bbsolid\u00bb gradient_type=\u00bbdefault\u00bb column_padding_type=\u00bbdefault\u00bb delay=\u00bb300&#8243;][image_with_animation image_url=\u00bb1602&#8243; image_size=\u00bbfull\u00bb animation_type=\u00bbentrance\u00bb animation=\u00bbNone\u00bb animation_movement_type=\u00bbtransform_y\u00bb hover_animation=\u00bbnone\u00bb alignment=\u00bb\u00bb border_radius=\u00bbnone\u00bb box_shadow=\u00bbnone\u00bb image_loading=\u00bbdefault\u00bb max_width=\u00bb100%\u00bb max_width_mobile=\u00bbdefault\u00bb][divider line_type=\u00bbNo Line\u00bb custom_height=\u00bb20&#8243;][vc_column_text]Albert D\u00edaz Fern\u00e1ndez[\/vc_column_text][vc_column_text css=\u00bb.vc_custom_1708081725773{margin-top: -20px !important;}\u00bb]\n<h3 style=\"color: #9b223c;\">Abogado<\/h3>\n[\/vc_column_text][vc_column_text css=\u00bb.vc_custom_1712246058584{margin-top: -10px !important;}\u00bb el_class=\u00bbresum-team\u00bb]Licenciado en Derecho por la Universitat de Barcelona, miembro del Ilustre Colegio de Abogados de Barcelona, n\u00fam. Col. 29790 y del Ilustre Colegio de Abogados de Girona, n\u00fam. Col. 2604.<\/p>\n<p>\u00c1reas: Derecho Laboral, Civil y Concursal. Administrador concursal desde el a\u00f1o 2011.[\/vc_column_text][\/vc_column_inner][vc_column_inner column_padding=\u00bbno-extra-padding\u00bb column_padding_tablet=\u00bbinherit\u00bb column_padding_phone=\u00bbinherit\u00bb column_padding_position=\u00bball\u00bb column_element_direction_desktop=\u00bbdefault\u00bb column_element_spacing=\u00bbdefault\u00bb desktop_text_alignment=\u00bbdefault\u00bb tablet_text_alignment=\u00bbdefault\u00bb phone_text_alignment=\u00bbdefault\u00bb background_color_opacity=\u00bb1&#8243; background_hover_color_opacity=\u00bb1&#8243; column_backdrop_filter=\u00bbnone\u00bb column_shadow=\u00bbnone\u00bb column_border_radius=\u00bbnone\u00bb column_link_target=\u00bb_self\u00bb overflow=\u00bbvisible\u00bb gradient_direction=\u00bbleft_to_right\u00bb overlay_strength=\u00bb0.3&#8243; width=\u00bb1\/3&#8243; tablet_width_inherit=\u00bbdefault\u00bb animation_type=\u00bbdefault\u00bb enable_animation=\u00bbtrue\u00bb animation=\u00bbfade-in-from-bottom\u00bb animation_easing=\u00bbdefault\u00bb bg_image_animation=\u00bbnone\u00bb border_type=\u00bbsimple\u00bb column_border_width=\u00bbnone\u00bb column_border_style=\u00bbsolid\u00bb column_padding_type=\u00bbdefault\u00bb gradient_type=\u00bbdefault\u00bb delay=\u00bb600&#8243;][image_with_animation image_url=\u00bb1594&#8243; image_size=\u00bbfull\u00bb animation_type=\u00bbentrance\u00bb animation=\u00bbNone\u00bb animation_movement_type=\u00bbtransform_y\u00bb hover_animation=\u00bbnone\u00bb alignment=\u00bb\u00bb border_radius=\u00bbnone\u00bb box_shadow=\u00bbnone\u00bb image_loading=\u00bbdefault\u00bb max_width=\u00bb100%\u00bb max_width_mobile=\u00bbdefault\u00bb][divider line_type=\u00bbNo Line\u00bb custom_height=\u00bb20&#8243;][vc_column_text]Oriol Celestino Mart\u00ednez[\/vc_column_text][vc_column_text css=\u00bb.vc_custom_1708677847025{margin-top: -20px !important;}\u00bb]\n<h3 style=\"color: #9b223c;\">Abogado<\/h3>\n[\/vc_column_text][vc_column_text css=\u00bb.vc_custom_1712246092002{margin-top: -10px !important;}\u00bb el_class=\u00bbresum-team\u00bb]Licenciado en Derecho por la Universidad de Barcelona. 2002. Oficial habilitado de Procurador. Miembro del Ilustre Colegio de Abogados de Barcelona, n\u00fam. Col. 31185.<\/p>\n<p>\u00c1reas: Derecho de Familia, Menores y Derecho internacional. Especializado en la asesor\u00eda a empresas y particulares en el \u00e1mbito del Derecho civil y administrativo, la movilidad Internacional de personas y trabajadores, el Derecho internacional privado y el Derecho de Extranjer\u00eda.[\/vc_column_text][\/vc_column_inner][\/vc_row_inner][divider line_type=\u00bbFull Width Line\u00bb line_thickness=\u00bb1&#8243; divider_color=\u00bbextra-color-gradient-2&#8243; animate=\u00bbyes\u00bb custom_height=\u00bb70&#8243;][vc_row_inner column_margin=\u00bb30px\u00bb column_direction=\u00bbdefault\u00bb column_direction_tablet=\u00bbdefault\u00bb column_direction_phone=\u00bbdefault\u00bb text_align=\u00bbleft\u00bb row_position=\u00bbdefault\u00bb row_position_tablet=\u00bbinherit\u00bb row_position_phone=\u00bbinherit\u00bb overflow=\u00bbvisible\u00bb pointer_events=\u00bball\u00bb css=\u00bb.vc_custom_1634415872169{margin-bottom: 0px !important;}\u00bb][vc_column_inner column_padding=\u00bbno-extra-padding\u00bb column_padding_tablet=\u00bbinherit\u00bb column_padding_phone=\u00bbinherit\u00bb column_padding_position=\u00bball\u00bb column_element_direction_desktop=\u00bbdefault\u00bb column_element_spacing=\u00bbdefault\u00bb desktop_text_alignment=\u00bbdefault\u00bb tablet_text_alignment=\u00bbdefault\u00bb phone_text_alignment=\u00bbdefault\u00bb background_color_opacity=\u00bb1&#8243; background_hover_color_opacity=\u00bb1&#8243; column_backdrop_filter=\u00bbnone\u00bb column_shadow=\u00bbnone\u00bb column_border_radius=\u00bbnone\u00bb column_link_target=\u00bb_self\u00bb overflow=\u00bbvisible\u00bb advanced_gradient_angle=\u00bb0&#8243; gradient_direction=\u00bbleft_to_right\u00bb overlay_strength=\u00bb0.3&#8243; width=\u00bb1\/3&#8243; tablet_width_inherit=\u00bbsmall_desktop\u00bb animation_type=\u00bbdefault\u00bb enable_animation=\u00bbtrue\u00bb animation=\u00bbfade-in-from-bottom\u00bb animation_easing=\u00bbdefault\u00bb bg_image_animation=\u00bbnone\u00bb border_type=\u00bbsimple\u00bb column_border_width=\u00bbnone\u00bb column_border_style=\u00bbsolid\u00bb gradient_type=\u00bbdefault\u00bb column_padding_type=\u00bbdefault\u00bb][image_with_animation image_url=\u00bb1590&#8243; image_size=\u00bbfull\u00bb animation_type=\u00bbentrance\u00bb animation=\u00bbNone\u00bb animation_movement_type=\u00bbtransform_y\u00bb hover_animation=\u00bbnone\u00bb alignment=\u00bb\u00bb border_radius=\u00bbnone\u00bb box_shadow=\u00bbnone\u00bb image_loading=\u00bbdefault\u00bb max_width=\u00bb100%\u00bb max_width_mobile=\u00bbdefault\u00bb][divider line_type=\u00bbNo Line\u00bb custom_height=\u00bb20&#8243;][vc_column_text]Juan Jos\u00e9 Folchi Bonafonte[\/vc_column_text][vc_column_text css=\u00bb.vc_custom_1708677855184{margin-top: -20px !important;}\u00bb]\n<h3 style=\"color: #9b223c;\">Abogado<\/h3>\n[\/vc_column_text][vc_column_text css=\u00bb.vc_custom_1712246132576{margin-top: -10px !important;}\u00bb el_class=\u00bbresum-team\u00bb]Licencia en Derecho por la Universidad de Barcelona. A\u00f1o 1970. Oposiciones a Abogado del Estado 1974. Miembro del Ilustre Colegio de Abogados de Barcelona, n\u00fam. Col. 11217.<\/p>\n<p>\u00c1reas: Mercantil y societario; civil; procesal; concursal; contencioso administrativo; juego online.[\/vc_column_text][\/vc_column_inner][vc_column_inner column_padding=\u00bbno-extra-padding\u00bb column_padding_tablet=\u00bbinherit\u00bb column_padding_phone=\u00bbinherit\u00bb column_padding_position=\u00bball\u00bb column_element_direction_desktop=\u00bbdefault\u00bb column_element_spacing=\u00bbdefault\u00bb desktop_text_alignment=\u00bbdefault\u00bb tablet_text_alignment=\u00bbdefault\u00bb phone_text_alignment=\u00bbdefault\u00bb background_color_opacity=\u00bb1&#8243; background_hover_color_opacity=\u00bb1&#8243; column_backdrop_filter=\u00bbnone\u00bb column_shadow=\u00bbnone\u00bb column_border_radius=\u00bbnone\u00bb column_link_target=\u00bb_self\u00bb overflow=\u00bbvisible\u00bb advanced_gradient_angle=\u00bb0&#8243; gradient_direction=\u00bbleft_to_right\u00bb overlay_strength=\u00bb0.3&#8243; width=\u00bb1\/3&#8243; tablet_width_inherit=\u00bbsmall_desktop\u00bb animation_type=\u00bbdefault\u00bb enable_animation=\u00bbtrue\u00bb animation=\u00bbfade-in-from-bottom\u00bb animation_easing=\u00bbdefault\u00bb bg_image_animation=\u00bbnone\u00bb border_type=\u00bbsimple\u00bb column_border_width=\u00bbnone\u00bb column_border_style=\u00bbsolid\u00bb gradient_type=\u00bbdefault\u00bb column_padding_type=\u00bbdefault\u00bb delay=\u00bb600&#8243;][\/vc_column_inner][\/vc_row_inner][\/vc_column][\/vc_row][vc_row type=\u00bbin_container\u00bb full_screen_row_position=\u00bbmiddle\u00bb column_margin=\u00bbdefault\u00bb column_direction=\u00bbdefault\u00bb column_direction_tablet=\u00bbdefault\u00bb column_direction_phone=\u00bbdefault\u00bb scene_position=\u00bbcenter\u00bb text_color=\u00bbdark\u00bb text_align=\u00bbleft\u00bb row_border_radius=\u00bbnone\u00bb row_border_radius_applies=\u00bbbg\u00bb overflow=\u00bbvisible\u00bb overlay_strength=\u00bb0.3&#8243; gradient_direction=\u00bbleft_to_right\u00bb shape_divider_position=\u00bbbottom\u00bb bg_image_animation=\u00bbnone\u00bb][vc_column column_padding=\u00bbno-extra-padding\u00bb column_padding_tablet=\u00bbinherit\u00bb column_padding_phone=\u00bbinherit\u00bb column_padding_position=\u00bball\u00bb column_element_direction_desktop=\u00bbdefault\u00bb column_element_spacing=\u00bbdefault\u00bb desktop_text_alignment=\u00bbdefault\u00bb tablet_text_alignment=\u00bbdefault\u00bb phone_text_alignment=\u00bbdefault\u00bb background_color_opacity=\u00bb1&#8243; background_hover_color_opacity=\u00bb1&#8243; column_backdrop_filter=\u00bbnone\u00bb column_shadow=\u00bbnone\u00bb column_border_radius=\u00bbnone\u00bb column_link_target=\u00bb_self\u00bb column_position=\u00bbdefault\u00bb gradient_direction=\u00bbleft_to_right\u00bb overlay_strength=\u00bb0.3&#8243; width=\u00bb1\/1&#8243; tablet_width_inherit=\u00bbdefault\u00bb animation_type=\u00bbdefault\u00bb bg_image_animation=\u00bbnone\u00bb border_type=\u00bbsimple\u00bb column_border_width=\u00bbnone\u00bb column_border_style=\u00bbsolid\u00bb][nectar_global_section id=\u00bb1263&#8243;][\/vc_column][\/vc_row][vc_row type=\u00bbin_container\u00bb full_screen_row_position=\u00bbmiddle\u00bb column_margin=\u00bbdefault\u00bb column_direction=\u00bbdefault\u00bb column_direction_tablet=\u00bbdefault\u00bb column_direction_phone=\u00bbdefault\u00bb scene_position=\u00bbcenter\u00bb text_color=\u00bbdark\u00bb text_align=\u00bbleft\u00bb row_border_radius=\u00bbnone\u00bb row_border_radius_applies=\u00bbbg\u00bb overflow=\u00bbvisible\u00bb overlay_strength=\u00bb0.3&#8243; gradient_direction=\u00bbleft_to_right\u00bb shape_divider_position=\u00bbbottom\u00bb bg_image_animation=\u00bbnone\u00bb][vc_column column_padding=\u00bbno-extra-padding\u00bb column_padding_tablet=\u00bbinherit\u00bb column_padding_phone=\u00bbinherit\u00bb column_padding_position=\u00bball\u00bb column_element_direction_desktop=\u00bbdefault\u00bb column_element_spacing=\u00bbdefault\u00bb desktop_text_alignment=\u00bbdefault\u00bb tablet_text_alignment=\u00bbdefault\u00bb phone_text_alignment=\u00bbdefault\u00bb background_color_opacity=\u00bb1&#8243; background_hover_color_opacity=\u00bb1&#8243; column_backdrop_filter=\u00bbnone\u00bb column_shadow=\u00bbnone\u00bb column_border_radius=\u00bbnone\u00bb column_link_target=\u00bb_self\u00bb column_position=\u00bbdefault\u00bb gradient_direction=\u00bbleft_to_right\u00bb overlay_strength=\u00bb0.3&#8243; width=\u00bb1\/1&#8243; tablet_width_inherit=\u00bbdefault\u00bb animation_type=\u00bbdefault\u00bb bg_image_animation=\u00bbnone\u00bb border_type=\u00bbsimple\u00bb column_border_width=\u00bbnone\u00bb column_border_style=\u00bbsolid\u00bb][nectar_global_section id=\u00bb1260&#8243;][\/vc_column][\/vc_row]\n","protected":false},"excerpt":{"rendered":"<p>[vc_row type=\u00bbfull_width_background\u00bb full_screen_row_position=\u00bbmiddle\u00bb column_margin=\u00bbdefault\u00bb column_direction=\u00bbdefault\u00bb column_direction_tablet=\u00bbdefault\u00bb column_direction_phone=\u00bbdefault\u00bb bg_color=\u00bb#f3f0ed\u00bb bg_image=\u00bb247&#8243; bg_position=\u00bbcenter center\u00bb background_image_loading=\u00bbdefault\u00bb bg_repeat=\u00bbno-repeat\u00bb scene_position=\u00bbcenter\u00bb text_color=\u00bbdark\u00bb text_align=\u00bbleft\u00bb row_border_radius=\u00bbnone\u00bb row_border_radius_applies=\u00bbbg\u00bb overflow=\u00bbvisible\u00bb overlay_strength=\u00bb0.3&#8243; gradient_direction=\u00bbleft_to_right\u00bb shape_divider_position=\u00bbbottom\u00bb bg_image_animation=\u00bbzoom-out\u00bb gradient_type=\u00bbdefault\u00bb shape_type=\u00bb\u00bb][vc_column column_padding=\u00bbno-extra-padding\u00bb column_padding_tablet=\u00bbinherit\u00bb column_padding_phone=\u00bbinherit\u00bb column_padding_position=\u00bball\u00bb top_margin=\u00bb180&#8243;&#8230;<\/p>\n","protected":false},"author":1,"featured_media":0,"parent":0,"menu_order":0,"comment_status":"closed","ping_status":"closed","template":"","meta":{"footnotes":""},"class_list":["post-1136","page","type-page","status-publish"],"yoast_head":"<!-- This site is optimized with the Yoast SEO plugin v22.4 - https:\/\/yoast.com\/wordpress\/plugins\/seo\/ -->\n<title>Miembros - Union Legal<\/title>\n<meta name=\"description\" content=\"Coneix a tots els membres de l&#039;Equip d&#039;Uni\u00f3 Legal. Descobreix a tots els membres que portessin els teus casos. Contacta&#039;ns!\" \/>\n<meta name=\"robots\" content=\"index, follow, max-snippet:-1, max-image-preview:large, max-video-preview:-1\" \/>\n<link rel=\"canonical\" href=\"https:\/\/unionlegal.com\/es\/membres\/\" \/>\n<meta property=\"og:locale\" content=\"es_ES\" \/>\n<meta property=\"og:type\" content=\"article\" \/>\n<meta property=\"og:title\" content=\"Miembros - Union Legal\" \/>\n<meta property=\"og:description\" content=\"Coneix a tots els membres de l&#039;Equip d&#039;Uni\u00f3 Legal. Descobreix a tots els membres que portessin els teus casos. Contacta&#039;ns!\" \/>\n<meta property=\"og:url\" content=\"https:\/\/unionlegal.com\/es\/membres\/\" \/>\n<meta property=\"og:site_name\" content=\"Union Legal\" \/>\n<meta property=\"article:modified_time\" content=\"2026-01-09T09:11:28+00:00\" \/>\n<meta name=\"twitter:card\" content=\"summary_large_image\" \/>\n<meta name=\"twitter:label1\" content=\"Tiempo de lectura\" \/>\n\t<meta name=\"twitter:data1\" content=\"11 minutos\" \/>\n<script type=\"application\/ld+json\" class=\"yoast-schema-graph\">{\"@context\":\"https:\/\/schema.org\",\"@graph\":[{\"@type\":\"WebPage\",\"@id\":\"https:\/\/unionlegal.com\/es\/membres\/\",\"url\":\"https:\/\/unionlegal.com\/es\/membres\/\",\"name\":\"Miembros - Union Legal\",\"isPartOf\":{\"@id\":\"https:\/\/unionlegal.com\/es\/#website\"},\"datePublished\":\"2023-08-29T10:54:46+00:00\",\"dateModified\":\"2026-01-09T09:11:28+00:00\",\"description\":\"Coneix a tots els membres de l'Equip d'Uni\u00f3 Legal. Descobreix a tots els membres que portessin els teus casos. Contacta'ns!\",\"breadcrumb\":{\"@id\":\"https:\/\/unionlegal.com\/es\/membres\/#breadcrumb\"},\"inLanguage\":\"es\",\"potentialAction\":[{\"@type\":\"ReadAction\",\"target\":[\"https:\/\/unionlegal.com\/es\/membres\/\"]}]},{\"@type\":\"BreadcrumbList\",\"@id\":\"https:\/\/unionlegal.com\/es\/membres\/#breadcrumb\",\"itemListElement\":[{\"@type\":\"ListItem\",\"position\":1,\"name\":\"Inici\",\"item\":\"https:\/\/unionlegal.com\/es\/\"},{\"@type\":\"ListItem\",\"position\":2,\"name\":\"Miembros\"}]},{\"@type\":\"WebSite\",\"@id\":\"https:\/\/unionlegal.com\/es\/#website\",\"url\":\"https:\/\/unionlegal.com\/es\/\",\"name\":\"Union Legal\",\"description\":\"Abogados y Economistas\",\"potentialAction\":[{\"@type\":\"SearchAction\",\"target\":{\"@type\":\"EntryPoint\",\"urlTemplate\":\"https:\/\/unionlegal.com\/es\/?s={search_term_string}\"},\"query-input\":\"required name=search_term_string\"}],\"inLanguage\":\"es\"}]}<\/script>\n<!-- \/ Yoast SEO plugin. -->","yoast_head_json":{"title":"Miembros - Union Legal","description":"Coneix a tots els membres de l'Equip d'Uni\u00f3 Legal. Descobreix a tots els membres que portessin els teus casos. Contacta'ns!","robots":{"index":"index","follow":"follow","max-snippet":"max-snippet:-1","max-image-preview":"max-image-preview:large","max-video-preview":"max-video-preview:-1"},"canonical":"https:\/\/unionlegal.com\/es\/membres\/","og_locale":"es_ES","og_type":"article","og_title":"Miembros - Union Legal","og_description":"Coneix a tots els membres de l'Equip d'Uni\u00f3 Legal. Descobreix a tots els membres que portessin els teus casos. Contacta'ns!","og_url":"https:\/\/unionlegal.com\/es\/membres\/","og_site_name":"Union Legal","article_modified_time":"2026-01-09T09:11:28+00:00","twitter_card":"summary_large_image","twitter_misc":{"Tiempo de lectura":"11 minutos"},"schema":{"@context":"https:\/\/schema.org","@graph":[{"@type":"WebPage","@id":"https:\/\/unionlegal.com\/es\/membres\/","url":"https:\/\/unionlegal.com\/es\/membres\/","name":"Miembros - Union Legal","isPartOf":{"@id":"https:\/\/unionlegal.com\/es\/#website"},"datePublished":"2023-08-29T10:54:46+00:00","dateModified":"2026-01-09T09:11:28+00:00","description":"Coneix a tots els membres de l'Equip d'Uni\u00f3 Legal. Descobreix a tots els membres que portessin els teus casos. Contacta'ns!","breadcrumb":{"@id":"https:\/\/unionlegal.com\/es\/membres\/#breadcrumb"},"inLanguage":"es","potentialAction":[{"@type":"ReadAction","target":["https:\/\/unionlegal.com\/es\/membres\/"]}]},{"@type":"BreadcrumbList","@id":"https:\/\/unionlegal.com\/es\/membres\/#breadcrumb","itemListElement":[{"@type":"ListItem","position":1,"name":"Inici","item":"https:\/\/unionlegal.com\/es\/"},{"@type":"ListItem","position":2,"name":"Miembros"}]},{"@type":"WebSite","@id":"https:\/\/unionlegal.com\/es\/#website","url":"https:\/\/unionlegal.com\/es\/","name":"Union Legal","description":"Abogados y Economistas","potentialAction":[{"@type":"SearchAction","target":{"@type":"EntryPoint","urlTemplate":"https:\/\/unionlegal.com\/es\/?s={search_term_string}"},"query-input":"required name=search_term_string"}],"inLanguage":"es"}]}},"_links":{"self":[{"href":"https:\/\/unionlegal.com\/es\/wp-json\/wp\/v2\/pages\/1136","targetHints":{"allow":["GET"]}}],"collection":[{"href":"https:\/\/unionlegal.com\/es\/wp-json\/wp\/v2\/pages"}],"about":[{"href":"https:\/\/unionlegal.com\/es\/wp-json\/wp\/v2\/types\/page"}],"author":[{"embeddable":true,"href":"https:\/\/unionlegal.com\/es\/wp-json\/wp\/v2\/users\/1"}],"replies":[{"embeddable":true,"href":"https:\/\/unionlegal.com\/es\/wp-json\/wp\/v2\/comments?post=1136"}],"version-history":[{"count":19,"href":"https:\/\/unionlegal.com\/es\/wp-json\/wp\/v2\/pages\/1136\/revisions"}],"predecessor-version":[{"id":1724,"href":"https:\/\/unionlegal.com\/es\/wp-json\/wp\/v2\/pages\/1136\/revisions\/1724"}],"wp:attachment":[{"href":"https:\/\/unionlegal.com\/es\/wp-json\/wp\/v2\/media?parent=1136"}],"curies":[{"name":"wp","href":"https:\/\/api.w.org\/{rel}","templated":true}]}}